{"id":30918,"date":"2024-04-14T00:25:50","date_gmt":"2024-04-13T23:25:50","guid":{"rendered":"https:\/\/swiss-beauty-and-hair-academy.ch\/?page_id=30918"},"modified":"2025-11-25T02:59:29","modified_gmt":"2025-11-25T01:59:29","slug":"ecole-desthetique-cours","status":"publish","type":"page","link":"https:\/\/swiss-beauty-and-hair-academy.ch\/fr\/ecole-desthetique-cours\/","title":{"rendered":"\u00c9cole D&rsquo;esth\u00e9tique Cours"},"content":{"rendered":"\t\t<div data-elementor-type=\"wp-page\" data-elementor-id=\"30918\" class=\"elementor elementor-30918 elementor-29303\" data-elementor-post-type=\"page\">\n\t\t\t\t\t\t<section class=\"elementor-section elementor-top-section elementor-element elementor-element-47f145d elementor-section-height-min-height elementor-section-boxed elementor-section-height-default elementor-section-items-middle exad-glass-effect-no exad-sticky-section-no\" data-id=\"47f145d\" data-element_type=\"section\" data-e-type=\"section\" data-settings=\"{&quot;background_background&quot;:&quot;classic&quot;}\">\n\t\t\t\t\t\t\t<div class=\"elementor-background-overlay\"><\/div>\n\t\t\t\t\t\t\t<div class=\"elementor-container elementor-column-gap-default\">\n\t\t\t\t\t<div class=\"elementor-column elementor-col-100 elementor-top-column elementor-element elementor-element-f1d3885 exad-glass-effect-no exad-sticky-section-no\" data-id=\"f1d3885\" data-element_type=\"column\" data-e-type=\"column\">\n\t\t\t<div class=\"elementor-widget-wrap elementor-element-populated\">\n\t\t\t\t\t\t<div class=\"elementor-element elementor-element-335b090 exad-sticky-section-no exad-glass-effect-no elementor-widget elementor-widget-heading\" data-id=\"335b090\" data-element_type=\"widget\" data-e-type=\"widget\" data-widget_type=\"heading.default\">\n\t\t\t\t\t<h1 class=\"elementor-heading-title elementor-size-default\">\u00c9cole D'esth\u00e9tique Cours<\/h1>\t\t\t\t<\/div>\n\t\t\t\t\t<\/div>\n\t\t<\/div>\n\t\t\t\t\t<\/div>\n\t\t<\/section>\n\t\t<div class=\"elementor-element elementor-element-c8ce899 e-flex e-con-boxed e-con e-parent\" data-id=\"c8ce899\" data-element_type=\"container\" data-e-type=\"container\">\n\t\t\t\t\t<div class=\"e-con-inner\">\n\t\t<div class=\"elementor-element elementor-element-e0e73ac e-con-full e-flex e-con e-child\" data-id=\"e0e73ac\" data-element_type=\"container\" data-e-type=\"container\">\n\t\t<div class=\"elementor-element elementor-element-fdc9f1a e-flex e-con-boxed e-con e-child\" data-id=\"fdc9f1a\" data-element_type=\"container\" data-e-type=\"container\">\n\t\t\t\t\t<div class=\"e-con-inner\">\n\t\t\t\t<div class=\"elementor-element elementor-element-13e3161 exad-sticky-section-no exad-glass-effect-no elementor-widget elementor-widget-image\" data-id=\"13e3161\" data-element_type=\"widget\" data-e-type=\"widget\" data-widget_type=\"image.default\">\n\t\t\t\t\t\t\t\t\t\t\t\t\t\t\t<img fetchpriority=\"high\" decoding=\"async\" width=\"493\" height=\"500\" src=\"https:\/\/swiss-beauty-and-hair-academy.ch\/wp-content\/uploads\/2023\/05\/Contenu-pratique-pour-devenir-estheticienne-img-e1691512842373.jpg\" class=\"attachment-full size-full wp-image-24854\" alt=\"Esth\u00e9ticienne effectuant un soin du visage professionnel\" srcset=\"https:\/\/swiss-beauty-and-hair-academy.ch\/wp-content\/uploads\/2023\/05\/Contenu-pratique-pour-devenir-estheticienne-img-e1691512842373.jpg 493w, https:\/\/swiss-beauty-and-hair-academy.ch\/wp-content\/uploads\/2023\/05\/Contenu-pratique-pour-devenir-estheticienne-img-e1691512842373-100x100.jpg 100w, https:\/\/swiss-beauty-and-hair-academy.ch\/wp-content\/uploads\/2023\/05\/Contenu-pratique-pour-devenir-estheticienne-img-e1691512842373-296x300.jpg 296w\" sizes=\"(max-width: 493px) 100vw, 493px\" \/>\t\t\t\t\t\t\t\t\t\t\t\t\t\t\t<\/div>\n\t\t\t\t<div class=\"elementor-element elementor-element-a3e11e9 exad-sticky-section-no exad-glass-effect-no elementor-widget elementor-widget-heading\" data-id=\"a3e11e9\" data-element_type=\"widget\" data-e-type=\"widget\" data-widget_type=\"heading.default\">\n\t\t\t\t\t<h2 class=\"elementor-heading-title elementor-size-default\">Cours d'esth\u00e9tique<\/h2>\t\t\t\t<\/div>\n\t\t\t\t<div class=\"elementor-element elementor-element-07f7456 elementor-align-center exad-sticky-section-no exad-glass-effect-no elementor-widget elementor-widget-elementskit-button\" data-id=\"07f7456\" data-element_type=\"widget\" data-e-type=\"widget\" data-widget_type=\"elementskit-button.default\">\n\t\t\t\t\t<div class=\"ekit-wid-con\" >\t\t<div class=\"ekit-btn-wraper\">\n\t\t\t\t\t\t\t<a href=\"https:\/\/swiss-beauty-and-hair-academy.ch\/fr\/ecole-esthetique-ecole-estheticienne\/cours-esthetique\/#subscribenow\" class=\"elementskit-btn  whitespace--normal\" id=\"\">\n\t\t\t\t\tChoisir la version\t\t\t\t<\/a>\n\t\t\t\t\t<\/div>\n        <\/div>\t\t\t\t<\/div>\n\t\t\t\t\t<\/div>\n\t\t\t\t<\/div>\n\t\t<div class=\"elementor-element elementor-element-230c850 e-flex e-con-boxed e-con e-child\" data-id=\"230c850\" data-element_type=\"container\" data-e-type=\"container\">\n\t\t\t\t\t<div class=\"e-con-inner\">\n\t\t\t\t<div class=\"elementor-element elementor-element-7882deb exad-sticky-section-no exad-glass-effect-no elementor-widget elementor-widget-image\" data-id=\"7882deb\" data-element_type=\"widget\" data-e-type=\"widget\" data-widget_type=\"image.default\">\n\t\t\t\t\t\t\t\t\t\t\t\t\t\t\t<img decoding=\"async\" width=\"1200\" height=\"1178\" src=\"https:\/\/swiss-beauty-and-hair-academy.ch\/wp-content\/uploads\/2023\/05\/Description-pratique-img.jpg\" class=\"attachment-full size-full wp-image-24895\" alt=\"Soin du visage avec appareil esth\u00e9tique professionnel\" srcset=\"https:\/\/swiss-beauty-and-hair-academy.ch\/wp-content\/uploads\/2023\/05\/Description-pratique-img.jpg 1200w, https:\/\/swiss-beauty-and-hair-academy.ch\/wp-content\/uploads\/2023\/05\/Description-pratique-img-600x589.jpg 600w, https:\/\/swiss-beauty-and-hair-academy.ch\/wp-content\/uploads\/2023\/05\/Description-pratique-img-300x295.jpg 300w, https:\/\/swiss-beauty-and-hair-academy.ch\/wp-content\/uploads\/2023\/05\/Description-pratique-img-1024x1005.jpg 1024w, https:\/\/swiss-beauty-and-hair-academy.ch\/wp-content\/uploads\/2023\/05\/Description-pratique-img-768x754.jpg 768w\" sizes=\"(max-width: 1200px) 100vw, 1200px\" \/>\t\t\t\t\t\t\t\t\t\t\t\t\t\t\t<\/div>\n\t\t\t\t<div class=\"elementor-element elementor-element-5224361 exad-sticky-section-no exad-glass-effect-no elementor-widget elementor-widget-heading\" data-id=\"5224361\" data-element_type=\"widget\" data-e-type=\"widget\" data-widget_type=\"heading.default\">\n\t\t\t\t\t<h2 class=\"elementor-heading-title elementor-size-default\">Cours de Soins du Visage<\/h2>\t\t\t\t<\/div>\n\t\t\t\t<div class=\"elementor-element elementor-element-5fd0cce elementor-align-center exad-sticky-section-no exad-glass-effect-no elementor-widget elementor-widget-elementskit-button\" data-id=\"5fd0cce\" data-element_type=\"widget\" data-e-type=\"widget\" data-widget_type=\"elementskit-button.default\">\n\t\t\t\t\t<div class=\"ekit-wid-con\" >\t\t<div class=\"ekit-btn-wraper\">\n\t\t\t\t\t\t\t<a href=\"https:\/\/swiss-beauty-and-hair-academy.ch\/fr\/ecole-esthetique-ecole-estheticienne\/cours-de-soins-du-visage\/#subscribenow\" class=\"elementskit-btn  whitespace--normal\" id=\"\">\n\t\t\t\t\tChoisir la version\t\t\t\t<\/a>\n\t\t\t\t\t<\/div>\n        <\/div>\t\t\t\t<\/div>\n\t\t\t\t\t<\/div>\n\t\t\t\t<\/div>\n\t\t<div class=\"elementor-element elementor-element-f20291f e-flex e-con-boxed e-con e-child\" data-id=\"f20291f\" data-element_type=\"container\" data-e-type=\"container\">\n\t\t\t\t\t<div class=\"e-con-inner\">\n\t\t\t\t<div class=\"elementor-element elementor-element-3460353 exad-sticky-section-no exad-glass-effect-no elementor-widget elementor-widget-image\" data-id=\"3460353\" data-element_type=\"widget\" data-e-type=\"widget\" data-widget_type=\"image.default\">\n\t\t\t\t\t\t\t\t\t\t\t\t\t\t\t<img decoding=\"async\" width=\"748\" height=\"500\" src=\"https:\/\/swiss-beauty-and-hair-academy.ch\/wp-content\/uploads\/2023\/07\/manicure.jpg\" class=\"attachment-full size-full wp-image-27041\" alt=\"Application de vernis transparent sur les ongles\" srcset=\"https:\/\/swiss-beauty-and-hair-academy.ch\/wp-content\/uploads\/2023\/07\/manicure.jpg 748w, https:\/\/swiss-beauty-and-hair-academy.ch\/wp-content\/uploads\/2023\/07\/manicure-600x401.jpg 600w, https:\/\/swiss-beauty-and-hair-academy.ch\/wp-content\/uploads\/2023\/07\/manicure-300x201.jpg 300w\" sizes=\"(max-width: 748px) 100vw, 748px\" \/>\t\t\t\t\t\t\t\t\t\t\t\t\t\t\t<\/div>\n\t\t\t\t<div class=\"elementor-element elementor-element-ff58ae7 exad-sticky-section-no exad-glass-effect-no elementor-widget elementor-widget-heading\" data-id=\"ff58ae7\" data-element_type=\"widget\" data-e-type=\"widget\" data-widget_type=\"heading.default\">\n\t\t\t\t\t<h2 class=\"elementor-heading-title elementor-size-default\">Formation en Manicure et P\u00e9dicure<\/h2>\t\t\t\t<\/div>\n\t\t\t\t<div class=\"elementor-element elementor-element-b2cec4f elementor-align-center exad-sticky-section-no exad-glass-effect-no elementor-widget elementor-widget-elementskit-button\" data-id=\"b2cec4f\" data-element_type=\"widget\" data-e-type=\"widget\" data-widget_type=\"elementskit-button.default\">\n\t\t\t\t\t<div class=\"ekit-wid-con\" >\t\t<div class=\"ekit-btn-wraper\">\n\t\t\t\t\t\t\t<a href=\"https:\/\/swiss-beauty-and-hair-academy.ch\/fr\/ecole-esthetique-ecole-estheticienne\/formation-en-manucure-et-pedicure\/#subscribenow\" class=\"elementskit-btn  whitespace--normal\" id=\"\">\n\t\t\t\t\tChoisir la version\t\t\t\t<\/a>\n\t\t\t\t\t<\/div>\n        <\/div>\t\t\t\t<\/div>\n\t\t\t\t\t<\/div>\n\t\t\t\t<\/div>\n\t\t<div class=\"elementor-element elementor-element-39e39ee e-flex e-con-boxed e-con e-child\" data-id=\"39e39ee\" data-element_type=\"container\" data-e-type=\"container\">\n\t\t\t\t\t<div class=\"e-con-inner\">\n\t\t\t\t<div class=\"elementor-element elementor-element-959ca43 exad-sticky-section-no exad-glass-effect-no elementor-widget elementor-widget-image\" data-id=\"959ca43\" data-element_type=\"widget\" data-e-type=\"widget\" data-widget_type=\"image.default\">\n\t\t\t\t\t\t\t\t\t\t\t\t\t\t\t<img loading=\"lazy\" decoding=\"async\" width=\"811\" height=\"825\" src=\"https:\/\/swiss-beauty-and-hair-academy.ch\/wp-content\/uploads\/2023\/06\/Fachprofil-der-img-e1691513954936.jpg\" class=\"attachment-full size-full wp-image-25425\" alt=\"Esth\u00e9ticienne r\u00e9alisant une \u00e9pilation des aisselles.\" srcset=\"https:\/\/swiss-beauty-and-hair-academy.ch\/wp-content\/uploads\/2023\/06\/Fachprofil-der-img-e1691513954936.jpg 811w, https:\/\/swiss-beauty-and-hair-academy.ch\/wp-content\/uploads\/2023\/06\/Fachprofil-der-img-e1691513954936-600x610.jpg 600w, https:\/\/swiss-beauty-and-hair-academy.ch\/wp-content\/uploads\/2023\/06\/Fachprofil-der-img-e1691513954936-295x300.jpg 295w, https:\/\/swiss-beauty-and-hair-academy.ch\/wp-content\/uploads\/2023\/06\/Fachprofil-der-img-e1691513954936-768x781.jpg 768w\" sizes=\"(max-width: 811px) 100vw, 811px\" \/>\t\t\t\t\t\t\t\t\t\t\t\t\t\t\t<\/div>\n\t\t\t\t<div class=\"elementor-element elementor-element-fb0ca2a exad-sticky-section-no exad-glass-effect-no elementor-widget elementor-widget-heading\" data-id=\"fb0ca2a\" data-element_type=\"widget\" data-e-type=\"widget\" data-widget_type=\"heading.default\">\n\t\t\t\t\t<h2 class=\"elementor-heading-title elementor-size-default\">Cours d&rsquo;\u00e9pilation<\/h2>\t\t\t\t<\/div>\n\t\t\t\t<div class=\"elementor-element elementor-element-f2a1293 elementor-align-center exad-sticky-section-no exad-glass-effect-no elementor-widget elementor-widget-elementskit-button\" data-id=\"f2a1293\" data-element_type=\"widget\" data-e-type=\"widget\" data-widget_type=\"elementskit-button.default\">\n\t\t\t\t\t<div class=\"ekit-wid-con\" >\t\t<div class=\"ekit-btn-wraper\">\n\t\t\t\t\t\t\t<a href=\"https:\/\/swiss-beauty-and-hair-academy.ch\/fr\/ecole-esthetique-ecole-estheticienne\/cours-depilation\/#subscribenow\" class=\"elementskit-btn  whitespace--normal\" id=\"\">\n\t\t\t\t\tChoisir la version\t\t\t\t<\/a>\n\t\t\t\t\t<\/div>\n        <\/div>\t\t\t\t<\/div>\n\t\t\t\t\t<\/div>\n\t\t\t\t<\/div>\n\t\t\t\t<\/div>\n\t\t\t\t\t<\/div>\n\t\t\t\t<\/div>\n\t\t<div class=\"elementor-element elementor-element-bfb339b e-flex e-con-boxed e-con e-parent\" data-id=\"bfb339b\" data-element_type=\"container\" data-e-type=\"container\">\n\t\t\t\t\t<div class=\"e-con-inner\">\n\t\t<div class=\"elementor-element elementor-element-47e2fbb e-con-full e-flex e-con e-child\" data-id=\"47e2fbb\" data-element_type=\"container\" data-e-type=\"container\">\n\t\t<div class=\"elementor-element elementor-element-efade22 e-flex e-con-boxed e-con e-child\" data-id=\"efade22\" data-element_type=\"container\" data-e-type=\"container\">\n\t\t\t\t\t<div class=\"e-con-inner\">\n\t\t\t\t<div class=\"elementor-element elementor-element-6499419 exad-sticky-section-no exad-glass-effect-no elementor-widget elementor-widget-image\" data-id=\"6499419\" data-element_type=\"widget\" data-e-type=\"widget\" data-widget_type=\"image.default\">\n\t\t\t\t\t\t\t\t\t\t\t\t\t\t\t<img loading=\"lazy\" decoding=\"async\" width=\"667\" height=\"500\" src=\"https:\/\/swiss-beauty-and-hair-academy.ch\/wp-content\/uploads\/2023\/03\/cera-egipcia-de-mel.jpg\" class=\"attachment-full size-full wp-image-23782\" alt=\"\u00c9pilation des jambes avec cire au sucre\" srcset=\"https:\/\/swiss-beauty-and-hair-academy.ch\/wp-content\/uploads\/2023\/03\/cera-egipcia-de-mel.jpg 667w, https:\/\/swiss-beauty-and-hair-academy.ch\/wp-content\/uploads\/2023\/03\/cera-egipcia-de-mel-600x450.jpg 600w, https:\/\/swiss-beauty-and-hair-academy.ch\/wp-content\/uploads\/2023\/03\/cera-egipcia-de-mel-300x225.jpg 300w\" sizes=\"(max-width: 667px) 100vw, 667px\" \/>\t\t\t\t\t\t\t\t\t\t\t\t\t\t\t<\/div>\n\t\t\t\t<div class=\"elementor-element elementor-element-2d81d34 exad-sticky-section-no exad-glass-effect-no elementor-widget elementor-widget-heading\" data-id=\"2d81d34\" data-element_type=\"widget\" data-e-type=\"widget\" data-widget_type=\"heading.default\">\n\t\t\t\t\t<h2 class=\"elementor-heading-title elementor-size-default\">Cours de Sugaring<\/h2>\t\t\t\t<\/div>\n\t\t\t\t<div class=\"elementor-element elementor-element-9e4ba1a elementor-align-center exad-sticky-section-no exad-glass-effect-no elementor-widget elementor-widget-elementskit-button\" data-id=\"9e4ba1a\" data-element_type=\"widget\" data-e-type=\"widget\" data-widget_type=\"elementskit-button.default\">\n\t\t\t\t\t<div class=\"ekit-wid-con\" >\t\t<div class=\"ekit-btn-wraper\">\n\t\t\t\t\t\t\t<a href=\"https:\/\/swiss-beauty-and-hair-academy.ch\/fr\/ecole-esthetique-ecole-estheticienne\/cours-de-sugaring\/#subscribenow\" class=\"elementskit-btn  whitespace--normal\" id=\"\">\n\t\t\t\t\tChoisir la version\t\t\t\t<\/a>\n\t\t\t\t\t<\/div>\n        <\/div>\t\t\t\t<\/div>\n\t\t\t\t\t<\/div>\n\t\t\t\t<\/div>\n\t\t\t\t<\/div>\n\t\t\t\t\t<\/div>\n\t\t\t\t<\/div>\n\t\t\t\t<\/div>\n\t\t","protected":false},"excerpt":{"rendered":"<p>\u00c9cole D&rsquo;esth\u00e9tique Cours Cours d&rsquo;esth\u00e9tique Choisir la version Choisir la version Choisir la version Choisir la version Choisir la version<\/p>\n","protected":false},"author":16,"featured_media":0,"parent":0,"menu_order":0,"comment_status":"closed","ping_status":"closed","template":"","meta":{"_seopress_robots_primary_cat":"","_seopress_titles_title":"","_seopress_titles_desc":"","_seopress_robots_index":"","site-sidebar-layout":"no-sidebar","site-content-layout":"page-builder","ast-site-content-layout":"full-width-container","site-content-style":"default","site-sidebar-style":"default","ast-global-header-display":"","ast-banner-title-visibility":"","ast-main-header-display":"","ast-hfb-above-header-display":"","ast-hfb-below-header-display":"","ast-hfb-mobile-header-display":"","site-post-title":"","ast-breadcrumbs-content":"","ast-featured-img":"disabled","footer-sml-layout":"","ast-disable-related-posts":"","theme-transparent-header-meta":"default","adv-header-id-meta":"","stick-header-meta":"","header-above-stick-meta":"","header-main-stick-meta":"","header-below-stick-meta":"","astra-migrate-meta-layouts":"set","ast-page-background-enabled":"default","ast-page-background-meta":{"desktop":{"background-color":"var(--ast-global-color-4)","background-image":"","background-repeat":"repeat","background-position":"center center","background-size":"auto","background-attachment":"scroll","background-type":"","background-media":"","overlay-type":"","overlay-color":"","overlay-opacity":"","overlay-gradient":""},"tablet":{"background-color":"","background-image":"","background-repeat":"repeat","background-position":"center center","background-size":"auto","background-attachment":"scroll","background-type":"","background-media":"","overlay-type":"","overlay-color":"","overlay-opacity":"","overlay-gradient":""},"mobile":{"background-color":"","background-image":"","background-repeat":"repeat","background-position":"center center","background-size":"auto","background-attachment":"scroll","background-type":"","background-media":"","overlay-type":"","overlay-color":"","overlay-opacity":"","overlay-gradient":""}},"ast-content-background-meta":{"desktop":{"background-color":"var(--ast-global-color-5)","background-image":"","background-repeat":"repeat","background-position":"center center","background-size":"auto","background-attachment":"scroll","background-type":"","background-media":"","overlay-type":"","overlay-color":"","overlay-opacity":"","overlay-gradient":""},"tablet":{"background-color":"var(--ast-global-color-5)","background-image":"","background-repeat":"repeat","background-position":"center center","background-size":"auto","background-attachment":"scroll","background-type":"","background-media":"","overlay-type":"","overlay-color":"","overlay-opacity":"","overlay-gradient":""},"mobile":{"background-color":"var(--ast-global-color-5)","background-image":"","background-repeat":"repeat","background-position":"center center","background-size":"auto","background-attachment":"scroll","background-type":"","background-media":"","overlay-type":"","overlay-color":"","overlay-opacity":"","overlay-gradient":""}},"_metasync_otto_title":"","_metasync_otto_description":"","_metasync_otto_keywords":"","_metasync_otto_og_title":"","_metasync_otto_og_description":"","_metasync_otto_twitter_title":"","_metasync_otto_twitter_description":"","rank_math_title":"","rank_math_description":"","_yoast_wpseo_title":"","_yoast_wpseo_metadesc":"","_aioseo_title":"","_aioseo_description":"","_metasync_seo_title":"","_metasync_seo_desc":"","_metasync_breadcrumb_title":"","_metasync_primary_category":0,"_metasync_primary_product_cat":0,"_metasync_otto_disabled":"","_metasync_hreflang":"","footnotes":""},"class_list":["post-30918","page","type-page","status-publish","hentry"],"_links":{"self":[{"href":"https:\/\/swiss-beauty-and-hair-academy.ch\/fr\/wp-json\/wp\/v2\/pages\/30918","targetHints":{"allow":["GET"]}}],"collection":[{"href":"https:\/\/swiss-beauty-and-hair-academy.ch\/fr\/wp-json\/wp\/v2\/pages"}],"about":[{"href":"https:\/\/swiss-beauty-and-hair-academy.ch\/fr\/wp-json\/wp\/v2\/types\/page"}],"author":[{"embeddable":true,"href":"https:\/\/swiss-beauty-and-hair-academy.ch\/fr\/wp-json\/wp\/v2\/users\/16"}],"replies":[{"embeddable":true,"href":"https:\/\/swiss-beauty-and-hair-academy.ch\/fr\/wp-json\/wp\/v2\/comments?post=30918"}],"version-history":[{"count":0,"href":"https:\/\/swiss-beauty-and-hair-academy.ch\/fr\/wp-json\/wp\/v2\/pages\/30918\/revisions"}],"wp:attachment":[{"href":"https:\/\/swiss-beauty-and-hair-academy.ch\/fr\/wp-json\/wp\/v2\/media?parent=30918"}],"curies":[{"name":"wp","href":"https:\/\/api.w.org\/{rel}","templated":true}]}}