{"id":1584,"date":"2013-12-25T05:49:21","date_gmt":"2013-12-25T05:49:21","guid":{"rendered":"https:\/\/swiss-beauty-and-hair-academy.ch\/?page_id=1584"},"modified":"2026-05-01T13:22:58","modified_gmt":"2026-05-01T12:22:58","slug":"escola-de-cabeleireiro","status":"publish","type":"page","link":"https:\/\/swiss-beauty-and-hair-academy.ch\/pt\/escola-de-cabeleireiro\/","title":{"rendered":"Escola de Cabeleireiro"},"content":{"rendered":"\t\t<div data-elementor-type=\"wp-page\" data-elementor-id=\"1584\" class=\"elementor elementor-1584 elementor-1519\" data-elementor-post-type=\"page\">\n\t\t\t\t\t\t<section class=\"elementor-section elementor-top-section elementor-element elementor-element-eb079b2 elementor-section-full_width elementor-section-height-min-height elementor-section-stretched elementor-section-height-default elementor-section-items-middle exad-glass-effect-no exad-sticky-section-no\" data-id=\"eb079b2\" data-element_type=\"section\" data-e-type=\"section\" data-settings=\"{&quot;background_background&quot;:&quot;classic&quot;,&quot;stretch_section&quot;:&quot;section-stretched&quot;}\">\n\t\t\t\t\t\t\t<div class=\"elementor-background-overlay\"><\/div>\n\t\t\t\t\t\t\t<div class=\"elementor-container elementor-column-gap-default\">\n\t\t\t\t\t<div class=\"elementor-column elementor-col-100 elementor-top-column elementor-element elementor-element-f04f2d8 exad-glass-effect-no exad-sticky-section-no\" data-id=\"f04f2d8\" data-element_type=\"column\" data-e-type=\"column\">\n\t\t\t<div class=\"elementor-widget-wrap elementor-element-populated\">\n\t\t\t\t\t\t<section class=\"elementor-section elementor-inner-section elementor-element elementor-element-52f741a elementor-section-boxed elementor-section-height-default elementor-section-height-default exad-glass-effect-no exad-sticky-section-no\" data-id=\"52f741a\" data-element_type=\"section\" data-e-type=\"section\" data-settings=\"{&quot;background_background&quot;:&quot;classic&quot;}\">\n\t\t\t\t\t\t<div class=\"elementor-container elementor-column-gap-default\">\n\t\t\t\t\t<div class=\"elementor-column elementor-col-100 elementor-inner-column elementor-element elementor-element-bb9cf29 exad-glass-effect-no exad-sticky-section-no\" data-id=\"bb9cf29\" data-element_type=\"column\" data-e-type=\"column\">\n\t\t\t<div class=\"elementor-widget-wrap elementor-element-populated\">\n\t\t\t\t\t\t<div class=\"elementor-element elementor-element-fdaaf32 exad-sticky-section-no exad-glass-effect-no elementor-widget elementor-widget-heading\" data-id=\"fdaaf32\" data-element_type=\"widget\" data-e-type=\"widget\" data-widget_type=\"heading.default\">\n\t\t\t\t\t<h1 class=\"elementor-heading-title elementor-size-default\">Escola De Cabeleireiro<\/h1>\t\t\t\t<\/div>\n\t\t\t\t\t<\/div>\n\t\t<\/div>\n\t\t\t\t\t<\/div>\n\t\t<\/section>\n\t\t\t\t<section class=\"elementor-section elementor-inner-section elementor-element elementor-element-72c2799 elementor-section-boxed elementor-section-height-default elementor-section-height-default exad-glass-effect-no exad-sticky-section-no\" data-id=\"72c2799\" data-element_type=\"section\" data-e-type=\"section\">\n\t\t\t\t\t\t<div class=\"elementor-container elementor-column-gap-default\">\n\t\t\t\t\t<div class=\"elementor-column elementor-col-50 elementor-inner-column elementor-element elementor-element-04231a0 exad-glass-effect-no exad-sticky-section-no\" data-id=\"04231a0\" data-element_type=\"column\" data-e-type=\"column\">\n\t\t\t<div class=\"elementor-widget-wrap elementor-element-populated\">\n\t\t\t\t\t\t<div class=\"elementor-element elementor-element-cd316e3 elementor-align-center elementor-mobile-align-center bmg-action-btn exad-sticky-section-no exad-glass-effect-no elementor-invisible elementor-widget elementor-widget-button\" data-id=\"cd316e3\" data-element_type=\"widget\" data-e-type=\"widget\" data-settings=\"{&quot;_animation&quot;:&quot;fadeIn&quot;,&quot;_animation_delay&quot;:300}\" data-widget_type=\"button.default\">\n\t\t\t\t\t\t\t\t\t\t<a class=\"elementor-button elementor-button-link elementor-size-md\" href=\"https:\/\/swiss-beauty-and-hair-academy.ch\/pt\/sobre-nos\/formulario-de-contato\/\">\n\t\t\t\t\t\t<span class=\"elementor-button-content-wrapper\">\n\t\t\t\t\t\t<span class=\"elementor-button-icon\">\n\t\t\t\t<svg class=\"ekit-svg-icon icon-customer-service\" viewBox=\"0 0 32 32\" xmlns=\"http:\/\/www.w3.org\/2000\/svg\"><path d=\"M12.494 19.594h-5.206c-3.519 0-6.313 2.8-6.381 6.256-0.194 1.044-0.456 2.869 0.194 3.519 1.756 1.694 5.731 2.344 8.787 2.344 3.125 0 7.031-0.65 8.787-2.344 0.65-0.65 0.394-2.475 0.194-3.519-0.056-3.456-2.919-6.256-6.375-6.256zM17.837 28.387c-1.238 1.238-4.3 2.019-7.875 2.019-3.581 0-6.706-0.781-7.875-1.956-0.131-0.262-0.756-7.331 5.206-7.625 1.356-0.069 5.275 0 5.275 0 5.844 0.006 5.4 7.369 5.269 7.563zM9.825 18.419c2.863 0 5.206-2.344 5.144-5.15 0-2.869-2.281-5.15-5.144-5.15-2.8 0-5.144 2.344-5.144 5.15 0 2.869 2.281 5.15 5.144 5.15zM9.825 9.425c2.15 0 3.906 1.756 3.906 3.844s-1.756 3.844-3.906 3.844c-2.15 0-3.906-1.756-3.906-3.844s1.763-3.844 3.906-3.844zM15.819 1.087v9.45h2.019v4.625l4.625-4.625h8.85v-9.45h-15.494zM30.075 9.3h-8.075l-2.863 2.869v-2.869h-2.019v-6.906h12.956v6.906zM23.438 4.213c0.063-0.131 0.194-0.194 0.325-0.194s0.262 0.063 0.262 0.063c0.063 0.131 0.131 0.263 0.131 0.394 0 0.194-0.063 0.325-0.131 0.394l-0.519 0.588c-0.131 0.194-0.262 0.325-0.325 0.456s-0.063 0.325-0.063 0.519v0.588h1.175v-0.519c0-0.131 0-0.263 0.063-0.325s0.131-0.131 0.262-0.263c0.131-0.131 0.262-0.263 0.394-0.394 0-0.063 0.063-0.131 0.131-0.194 0.063-0.063 0.131-0.131 0.131-0.194 0.063 0 0.063-0.063 0.131-0.194 0.063-0.063 0.063-0.263 0.063-0.456 0-0.456-0.131-0.85-0.456-1.106-0.325-0.263-0.719-0.394-1.238-0.394-0.456 0-0.913 0.131-1.238 0.456-0.325 0.263-0.519 0.719-0.587 1.237h1.3c0.056-0.2 0.119-0.331 0.188-0.463zM23.762 7.275c-0.194 0-0.394 0.063-0.519 0.194-0.131 0.131-0.194 0.325-0.194 0.519s0.063 0.394 0.194 0.519c0.131 0.131 0.262 0.194 0.519 0.194 0.194 0 0.394-0.063 0.519-0.194 0.131-0.131 0.194-0.325 0.194-0.519s-0.063-0.394-0.194-0.519c-0.131-0.125-0.325-0.194-0.519-0.194z\"><\/path><\/svg>\t\t\t<\/span>\n\t\t\t\t\t\t\t\t\t<span class=\"elementor-button-text\">Contacte-Nos<\/span>\n\t\t\t\t\t<\/span>\n\t\t\t\t\t<\/a>\n\t\t\t\t\t\t\t\t<\/div>\n\t\t\t\t\t<\/div>\n\t\t<\/div>\n\t\t\t\t<div class=\"elementor-column elementor-col-50 elementor-inner-column elementor-element elementor-element-c79ac4a exad-glass-effect-no exad-sticky-section-no\" data-id=\"c79ac4a\" data-element_type=\"column\" data-e-type=\"column\">\n\t\t\t<div class=\"elementor-widget-wrap elementor-element-populated\">\n\t\t\t\t\t\t<div class=\"elementor-element elementor-element-1ca6bee elementor-align-center elementor-mobile-align-center bmg-action-btn exad-sticky-section-no exad-glass-effect-no elementor-invisible elementor-widget elementor-widget-button\" data-id=\"1ca6bee\" data-element_type=\"widget\" data-e-type=\"widget\" data-settings=\"{&quot;_animation&quot;:&quot;fadeIn&quot;,&quot;_animation_delay&quot;:300}\" data-widget_type=\"button.default\">\n\t\t\t\t\t\t\t\t\t\t<a class=\"elementor-button elementor-button-link elementor-size-md\" href=\"https:\/\/swiss-beauty-and-hair-academy.ch\/pt\/escola-de-cabeleireiro-cursos\/\">\n\t\t\t\t\t\t<span class=\"elementor-button-content-wrapper\">\n\t\t\t\t\t\t<span class=\"elementor-button-icon\">\n\t\t\t\t<svg aria-hidden=\"true\" class=\"e-font-icon-svg e-fas-pencil-alt\" viewBox=\"0 0 512 512\" xmlns=\"http:\/\/www.w3.org\/2000\/svg\"><path d=\"M497.9 142.1l-46.1 46.1c-4.7 4.7-12.3 4.7-17 0l-111-111c-4.7-4.7-4.7-12.3 0-17l46.1-46.1c18.7-18.7 49.1-18.7 67.9 0l60.1 60.1c18.8 18.7 18.8 49.1 0 67.9zM284.2 99.8L21.6 362.4.4 483.9c-2.9 16.4 11.4 30.6 27.8 27.8l121.5-21.3 262.6-262.6c4.7-4.7 4.7-12.3 0-17l-111-111c-4.8-4.7-12.4-4.7-17.1 0zM124.1 339.9c-5.5-5.5-5.5-14.3 0-19.8l154-154c5.5-5.5 14.3-5.5 19.8 0s5.5 14.3 0 19.8l-154 154c-5.5 5.5-14.3 5.5-19.8 0zM88 424h48v36.3l-64.5 11.3-31.1-31.1L51.7 376H88v48z\"><\/path><\/svg>\t\t\t<\/span>\n\t\t\t\t\t\t\t\t\t<span class=\"elementor-button-text\">Inscreva-Se<\/span>\n\t\t\t\t\t<\/span>\n\t\t\t\t\t<\/a>\n\t\t\t\t\t\t\t\t<\/div>\n\t\t\t\t\t<\/div>\n\t\t<\/div>\n\t\t\t\t\t<\/div>\n\t\t<\/section>\n\t\t\t\t\t<\/div>\n\t\t<\/div>\n\t\t\t\t\t<\/div>\n\t\t<\/section>\n\t\t\t\t<section class=\"elementor-section elementor-top-section elementor-element elementor-element-d1427b5 elementor-section-stretched elementor-section-content-middle elementor-section-boxed elementor-section-height-default elementor-section-height-default exad-glass-effect-no exad-sticky-section-no\" data-id=\"d1427b5\" data-element_type=\"section\" data-e-type=\"section\" data-settings=\"{&quot;stretch_section&quot;:&quot;section-stretched&quot;}\">\n\t\t\t\t\t\t<div class=\"elementor-container elementor-column-gap-default\">\n\t\t\t\t\t<div class=\"elementor-column elementor-col-50 elementor-top-column elementor-element elementor-element-a6616a7 d-flex-mid exad-glass-effect-no exad-sticky-section-no\" data-id=\"a6616a7\" data-element_type=\"column\" data-e-type=\"column\">\n\t\t\t<div class=\"elementor-widget-wrap elementor-element-populated\">\n\t\t\t\t\t\t<div class=\"elementor-element elementor-element-9ff053a exad-sticky-section-no exad-glass-effect-no elementor-widget elementor-widget-heading\" data-id=\"9ff053a\" data-element_type=\"widget\" data-e-type=\"widget\" data-widget_type=\"heading.default\">\n\t\t\t\t\t<h2 class=\"elementor-heading-title elementor-size-default\">Escola de Cabeleireiro em Zurique &amp; Lausanne\n<\/h2>\t\t\t\t<\/div>\n\t\t\t\t<div class=\"elementor-element elementor-element-3b892df exad-sticky-section-no exad-glass-effect-no elementor-widget elementor-widget-text-editor\" data-id=\"3b892df\" data-element_type=\"widget\" data-e-type=\"widget\" data-widget_type=\"text-editor.default\">\n\t\t\t\t\t\t\t\t\t<strong>Escola Profissional de Cabeleireiro com cursos orientados na sua l\u00edngua materna<\/strong>\t\t\t\t\t\t\t\t<\/div>\n\t\t\t\t<div class=\"elementor-element elementor-element-38e8f16 exad-sticky-section-no exad-glass-effect-no elementor-widget elementor-widget-text-editor\" data-id=\"38e8f16\" data-element_type=\"widget\" data-e-type=\"widget\" data-widget_type=\"text-editor.default\">\n\t\t\t\t\t\t\t\t\t<p>A\u00a0<strong>Swiss Beauty &#038; Hair Academy<\/strong>\u00a0\u00e9 uma escola profissional de Beleza, localizada em Zurique e Lausanne, que oferece forma\u00e7\u00e3o na \u00e1rea de\u00a0<strong>Cabeleireiro<\/strong>\u00a0quer para\u00a0<strong>iniciantes<\/strong>, quer para\u00a0<strong>profissionais do sector<\/strong>\u00a0que pretendam fazer uma especializa\u00e7\u00e3o ou reciclagem dos seus conhecimentos.<\/p><p>O nosso curso de Cabeleireiro encontra-se dispon\u00edvel em tr\u00eas variantes: curso de\u00a0<strong>Cabeleireiro Unissexo<\/strong>\u00a0(com dura\u00e7\u00e3o de 18 meses), curso de\u00a0<strong>Cabeleireiro de Senhora<\/strong>\u00a0(com dura\u00e7\u00e3o de 12 meses) e curso\u00a0<strong>Cabeleireiro de Homem<\/strong>\u00a0(com dura\u00e7\u00e3o de 12 meses). Em qualquer uma das op\u00e7\u00f5es est\u00e3o inclu\u00eddas quer as aprendizagens te\u00f3ricas quer pr\u00e1ticas inerentes \u00e0 op\u00e7\u00e3o escolhida. Quanto aos\u00a0<strong>cursos de Reciclagem ou Especializa\u00e7\u00e3o<\/strong>\u00a0a dura\u00e7\u00e3o m\u00ednima \u00e9 de um m\u00eas, ficando ao crit\u00e9rio do aluno que, em acordo com o formador em quest\u00e3o, decidir\u00e1 quais os pontos que considera mais importante rever e aprofundar.<\/p><p>Tal como em todas as nossas Academias, os nossos grupos s\u00e3o divididos em turmas pequenas de forma a garantir sempre um melhor acompanhamento do formando, tendo estes ainda a possibilidade de realizarem o curso na sua l\u00edngua materna.<\/p>\t\t\t\t\t\t\t\t<\/div>\n\t\t\t\t\t<\/div>\n\t\t<\/div>\n\t\t\t\t<div class=\"elementor-column elementor-col-50 elementor-top-column elementor-element elementor-element-46e7101 d-flex-mid exad-glass-effect-no exad-sticky-section-no\" data-id=\"46e7101\" data-element_type=\"column\" data-e-type=\"column\">\n\t\t\t<div class=\"elementor-widget-wrap elementor-element-populated\">\n\t\t\t\t\t\t<div class=\"elementor-element elementor-element-01f83ee exad-sticky-section-no exad-glass-effect-no elementor-widget elementor-widget-image\" data-id=\"01f83ee\" data-element_type=\"widget\" data-e-type=\"widget\" data-widget_type=\"image.default\">\n\t\t\t\t\t\t\t\t\t\t\t\t\t\t\t<img decoding=\"async\" src=\"https:\/\/swiss-beauty-and-hair-academy.ch\/wp-content\/uploads\/elementor\/thumbs\/Grupo-Lausanne-1-q8m259piralg3hhrlomrkn10ubqobyy5vnessi8djc.jpg\" title=\"Grupo-Lausanne.jpg\" alt=\"Grupo-Lausanne.jpg\" loading=\"lazy\" \/>\t\t\t\t\t\t\t\t\t\t\t\t\t\t\t<\/div>\n\t\t\t\t\t<\/div>\n\t\t<\/div>\n\t\t\t\t\t<\/div>\n\t\t<\/section>\n\t\t\t\t<section class=\"elementor-section elementor-top-section elementor-element elementor-element-77d4f70 elementor-section-stretched elementor-section-boxed elementor-section-height-default elementor-section-height-default exad-glass-effect-no exad-sticky-section-no\" data-id=\"77d4f70\" data-element_type=\"section\" data-e-type=\"section\" data-settings=\"{&quot;stretch_section&quot;:&quot;section-stretched&quot;}\">\n\t\t\t\t\t\t<div class=\"elementor-container elementor-column-gap-default\">\n\t\t\t\t\t<div class=\"elementor-column elementor-col-100 elementor-top-column elementor-element elementor-element-95b465a exad-glass-effect-no exad-sticky-section-no\" data-id=\"95b465a\" data-element_type=\"column\" data-e-type=\"column\">\n\t\t\t<div class=\"elementor-widget-wrap elementor-element-populated\">\n\t\t\t\t\t\t<div class=\"elementor-element elementor-element-9bff0c0 exad-sticky-section-no exad-glass-effect-no elementor-widget elementor-widget-image\" data-id=\"9bff0c0\" data-element_type=\"widget\" data-e-type=\"widget\" data-widget_type=\"image.default\">\n\t\t\t\t\t\t\t\t\t\t\t\t\t\t\t<img alt=\"\" decoding=\"async\" width=\"77\" height=\"96\" src=\"https:\/\/swiss-beauty-and-hair-academy.ch\/wp-content\/uploads\/2023\/06\/Coiffeurschule1-1-1-1.jpg\" class=\"attachment-full size-full wp-image-26725\" alt=\"\" \/>\t\t\t\t\t\t\t\t\t\t\t\t\t\t\t<\/div>\n\t\t\t\t<div class=\"elementor-element elementor-element-3b1ecef exad-sticky-section-no exad-glass-effect-no elementor-widget elementor-widget-heading\" data-id=\"3b1ecef\" data-element_type=\"widget\" data-e-type=\"widget\" data-widget_type=\"heading.default\">\n\t\t\t\t\t<h3 class=\"elementor-heading-title elementor-size-default\">Escola Profissional de Cabeleireiro<\/h3>\t\t\t\t<\/div>\n\t\t\t\t<div class=\"elementor-element elementor-element-9a0c48c exad-sticky-section-no exad-glass-effect-no elementor-widget elementor-widget-text-editor\" data-id=\"9a0c48c\" data-element_type=\"widget\" data-e-type=\"widget\" data-widget_type=\"text-editor.default\">\n\t\t\t\t\t\t\t\t\tAprenda a Arte do Cabelo com o nosso Curso Profissional de Cabeleireiro\t\t\t\t\t\t\t\t<\/div>\n\t\t\t\t\t<\/div>\n\t\t<\/div>\n\t\t\t\t\t<\/div>\n\t\t<\/section>\n\t\t\t\t<section class=\"elementor-section elementor-top-section elementor-element elementor-element-46f986c elementor-section-boxed elementor-section-height-default elementor-section-height-default exad-glass-effect-no exad-sticky-section-no\" data-id=\"46f986c\" data-element_type=\"section\" data-e-type=\"section\">\n\t\t\t\t\t\t<div class=\"elementor-container elementor-column-gap-default\">\n\t\t\t\t\t<div class=\"elementor-column elementor-col-50 elementor-top-column elementor-element elementor-element-6380de1 exad-glass-effect-no exad-sticky-section-no\" data-id=\"6380de1\" data-element_type=\"column\" data-e-type=\"column\">\n\t\t\t<div class=\"elementor-widget-wrap elementor-element-populated\">\n\t\t\t\t\t\t<div class=\"exad-link-anything-wrapper elementor-element elementor-element-dc55868 exad-sticky-section-no exad-glass-effect-no elementor-widget elementor-widget-image\" data-exad-element-link=\"{&quot;url&quot;:&quot;\\\/kosmetikschule\\\/&quot;,&quot;is_external&quot;:&quot;&quot;,&quot;nofollow&quot;:&quot;&quot;,&quot;custom_attributes&quot;:&quot;&quot;}\" style=\"cursor: pointer\" data-id=\"dc55868\" data-element_type=\"widget\" data-e-type=\"widget\" data-widget_type=\"image.default\">\n\t\t\t\t\t\t\t\t\t\t\t\t\t\t\t<img alt=\"\" fetchpriority=\"high\" decoding=\"async\" width=\"2560\" height=\"1679\" src=\"https:\/\/swiss-beauty-and-hair-academy.ch\/wp-content\/uploads\/2025\/04\/74960098_xl-1-scaled-1.jpg\" class=\"attachment-full size-full wp-image-46993\" alt=\"\" srcset=\"https:\/\/swiss-beauty-and-hair-academy.ch\/wp-content\/uploads\/2025\/04\/74960098_xl-1-scaled-1.jpg 2560w, https:\/\/swiss-beauty-and-hair-academy.ch\/wp-content\/uploads\/2025\/04\/74960098_xl-1-scaled-1-300x197.jpg 300w, https:\/\/swiss-beauty-and-hair-academy.ch\/wp-content\/uploads\/2025\/04\/74960098_xl-1-scaled-1-1024x672.jpg 1024w, https:\/\/swiss-beauty-and-hair-academy.ch\/wp-content\/uploads\/2025\/04\/74960098_xl-1-scaled-1-768x504.jpg 768w, https:\/\/swiss-beauty-and-hair-academy.ch\/wp-content\/uploads\/2025\/04\/74960098_xl-1-scaled-1-1536x1007.jpg 1536w, https:\/\/swiss-beauty-and-hair-academy.ch\/wp-content\/uploads\/2025\/04\/74960098_xl-1-scaled-1-2048x1343.jpg 2048w, https:\/\/swiss-beauty-and-hair-academy.ch\/wp-content\/uploads\/2025\/04\/74960098_xl-1-scaled-1-600x394.jpg 600w\" sizes=\"(max-width: 2560px) 100vw, 2560px\" \/>\t\t\t\t\t\t\t\t\t\t\t\t\t\t\t<\/div>\n\t\t\t\t<div class=\"elementor-element elementor-element-35d8bc5 exad-sticky-section-no exad-glass-effect-no elementor-widget elementor-widget-image-box\" data-id=\"35d8bc5\" data-element_type=\"widget\" data-e-type=\"widget\" data-widget_type=\"image-box.default\">\n\t\t\t\t\t<div class=\"elementor-image-box-wrapper\"><div class=\"elementor-image-box-content\"><h2 class=\"elementor-image-box-title\">Curso Profissional de Cabeleireiro: O segredo da beleza do cabelo<\/h2><p class=\"elementor-image-box-description\">Ao longo do decorrer da nossa forma\u00e7\u00e3o de Cabeleireiro, aprender\u00e1 todo o conte\u00fado te\u00f3rico e pr\u00e1tico necess\u00e1rio para se iniciar na profiss\u00e3o. Na nossa escola de cabeleireiro ter\u00e1 a possibilidade de se especializar na \u00e1rea de cabeleireiro feminino ou masculino, atrav\u00e9s do nosso curso de cabeleireiro de senhora ou curso cabeleireiro de homem. Al\u00e9m disso dispomos tamb\u00e9m de cursos de especializa\u00e7\u00e3o para profissionais j\u00e1 ativos na \u00e1rea mas que pretendam evoluir as suas t\u00e9cnicas atrav\u00e9s de cursos corte de cabelo e cursos de colorimetria.Na nossa Escola de Cabeleireiro, as oportunidades de evolu\u00e7\u00e3o s\u00e3o infinitas! Visite-nos e experimente uma das nossas aulas de forma gratuita e comprove-o por si mesmo!\n\n\n<\/p><\/div><\/div>\t\t\t\t<\/div>\n\t\t\t\t\t<\/div>\n\t\t<\/div>\n\t\t\t\t<div class=\"elementor-column elementor-col-50 elementor-top-column elementor-element elementor-element-fdc0cbc exad-glass-effect-no exad-sticky-section-no elementor-invisible\" data-id=\"fdc0cbc\" data-element_type=\"column\" data-e-type=\"column\" data-settings=\"{&quot;animation&quot;:&quot;fadeIn&quot;}\">\n\t\t\t<div class=\"elementor-widget-wrap elementor-element-populated\">\n\t\t\t\t\t\t<div class=\"elementor-element elementor-element-f9cde40 exad-sticky-section-no exad-glass-effect-no elementor-widget elementor-widget-video\" data-id=\"f9cde40\" data-element_type=\"widget\" data-e-type=\"widget\" data-settings=\"{&quot;video_type&quot;:&quot;hosted&quot;,&quot;autoplay&quot;:&quot;yes&quot;,&quot;loop&quot;:&quot;yes&quot;,&quot;mute&quot;:&quot;yes&quot;,&quot;controls&quot;:&quot;yes&quot;}\" data-widget_type=\"video.default\">\n\t\t\t\t\t\t\t<div class=\"e-hosted-video elementor-wrapper elementor-open-inline\">\n\t\t\t\t\t<video class=\"elementor-video\" src=\"https:\/\/swiss-beauty-and-hair-academy.ch\/wp-content\/uploads\/2025\/04\/Coiffeur-Ausbildung-im-Damen-und-Herrenfach-1.mp4\" autoplay=\"\" loop=\"\" controls=\"\" muted=\"muted\" controlsList=\"nodownload\"><\/video>\n\t\t\t\t<\/div>\n\t\t\t\t\t\t<\/div>\n\t\t\t\t<div class=\"elementor-element elementor-element-e11360d exad-sticky-section-no exad-glass-effect-no elementor-widget elementor-widget-image-box\" data-id=\"e11360d\" data-element_type=\"widget\" data-e-type=\"widget\" data-widget_type=\"image-box.default\">\n\t\t\t\t\t<div class=\"elementor-image-box-wrapper\"><div class=\"elementor-image-box-content\"><h2 class=\"elementor-image-box-title\">Escola de Cabeleireiro \u2013 O gosto pela arte do cabelo<\/h2><p class=\"elementor-image-box-description\">O cabelo \u00e9 algo que vai mais para al\u00e9m do que apenas um acess\u00f3rio que usamos regularmente \u2013 \u00e9 parte de n\u00f3s enquanto seres humanos, \u00e9 parte da nossa personalidade. Da\u00ed que o Cabeleireiro n\u00e3o passa apenas por ser uma profiss\u00e3o mas sim uma Arte \u2013 a arte de criarmos atrav\u00e9s das nossas m\u00e3os e das nossas ferramentas de trabalho um visual capaz de transmitir exatamente quem a pessoa \u00e9, sem esta precisar sequer de falar. Junte-se ao nosso Curso Profissional de Cabeleireiro e aprenda todas as bases necess\u00e1rias para se transformar em um Cabeleireiro Profissional. Toda a nossa forma\u00e7\u00e3o \u00e9 baseada nas aprendizagens da associa\u00e7\u00e3o profissional de cabeleireiros da Sui\u00e7a \u2013 CoiffureSuisse .\n\n<\/p><\/div><\/div>\t\t\t\t<\/div>\n\t\t\t\t\t<\/div>\n\t\t<\/div>\n\t\t\t\t\t<\/div>\n\t\t<\/section>\n\t\t\t\t<section class=\"elementor-section elementor-top-section elementor-element elementor-element-8ab3879 elementor-section-stretched elementor-section-boxed elementor-section-height-default elementor-section-height-default exad-glass-effect-no exad-sticky-section-no\" data-id=\"8ab3879\" data-element_type=\"section\" data-e-type=\"section\" data-settings=\"{&quot;background_background&quot;:&quot;classic&quot;,&quot;stretch_section&quot;:&quot;section-stretched&quot;}\">\n\t\t\t\t\t\t\t<div class=\"elementor-background-overlay\"><\/div>\n\t\t\t\t\t\t\t<div class=\"elementor-container elementor-column-gap-default\">\n\t\t\t\t\t<div class=\"elementor-column elementor-col-100 elementor-top-column elementor-element elementor-element-cf5b5a0 exad-glass-effect-no exad-sticky-section-no elementor-invisible\" data-id=\"cf5b5a0\" data-element_type=\"column\" data-e-type=\"column\" data-settings=\"{&quot;animation&quot;:&quot;fadeIn&quot;,&quot;animation_delay&quot;:150}\">\n\t\t\t<div class=\"elementor-widget-wrap\">\n\t\t\t\t\t\t\t<\/div>\n\t\t<\/div>\n\t\t\t\t\t<\/div>\n\t\t<\/section>\n\t\t\t\t<section class=\"elementor-section elementor-top-section elementor-element elementor-element-cb07cab elementor-section-stretched elementor-section-boxed elementor-section-height-default elementor-section-height-default exad-glass-effect-no exad-sticky-section-no\" data-id=\"cb07cab\" data-element_type=\"section\" data-e-type=\"section\" data-settings=\"{&quot;background_background&quot;:&quot;classic&quot;,&quot;stretch_section&quot;:&quot;section-stretched&quot;}\">\n\t\t\t\t\t\t\t<div class=\"elementor-background-overlay\"><\/div>\n\t\t\t\t\t\t\t<div class=\"elementor-container elementor-column-gap-default\">\n\t\t\t\t\t<div class=\"elementor-column elementor-col-100 elementor-top-column elementor-element elementor-element-95b0c11 exad-glass-effect-no exad-sticky-section-no\" data-id=\"95b0c11\" data-element_type=\"column\" data-e-type=\"column\">\n\t\t\t<div class=\"elementor-widget-wrap elementor-element-populated\">\n\t\t\t\t<div class=\"elementor-element elementor-element-6285027 e-con-full e-flex e-con e-parent\" data-id=\"6285027\" data-element_type=\"container\" data-e-type=\"container\">\n\t\t<div class=\"elementor-element elementor-element-e4efca2 e-con-full e-flex e-con e-child\" data-id=\"e4efca2\" data-element_type=\"container\" data-e-type=\"container\" data-settings=\"{&quot;background_background&quot;:&quot;classic&quot;}\">\n\t\t\t\t<div class=\"elementor-element elementor-element-c97bb29 exad-sticky-section-no exad-glass-effect-no elementor-widget elementor-widget-image\" data-id=\"c97bb29\" data-element_type=\"widget\" data-e-type=\"widget\" data-widget_type=\"image.default\">\n\t\t\t\t\t\t\t\t\t\t\t\t\t\t\t<img alt=\"\" decoding=\"async\" width=\"1024\" height=\"683\" src=\"https:\/\/swiss-beauty-and-hair-academy.ch\/wp-content\/uploads\/2025\/04\/38880105_xl-scaled-1-1-1024x683.jpg\" class=\"attachment-large size-large wp-image-47011\" alt=\"\" srcset=\"https:\/\/swiss-beauty-and-hair-academy.ch\/wp-content\/uploads\/2025\/04\/38880105_xl-scaled-1-1-1024x683.jpg 1024w, https:\/\/swiss-beauty-and-hair-academy.ch\/wp-content\/uploads\/2025\/04\/38880105_xl-scaled-1-1-300x200.jpg 300w, https:\/\/swiss-beauty-and-hair-academy.ch\/wp-content\/uploads\/2025\/04\/38880105_xl-scaled-1-1-768x512.jpg 768w, https:\/\/swiss-beauty-and-hair-academy.ch\/wp-content\/uploads\/2025\/04\/38880105_xl-scaled-1-1-1536x1024.jpg 1536w, https:\/\/swiss-beauty-and-hair-academy.ch\/wp-content\/uploads\/2025\/04\/38880105_xl-scaled-1-1-2048x1366.jpg 2048w, https:\/\/swiss-beauty-and-hair-academy.ch\/wp-content\/uploads\/2025\/04\/38880105_xl-scaled-1-1-600x400.jpg 600w\" sizes=\"(max-width: 1024px) 100vw, 1024px\" \/>\t\t\t\t\t\t\t\t\t\t\t\t\t\t\t<\/div>\n\t\t\t\t<div class=\"elementor-element elementor-element-9e07436 exad-sticky-section-no exad-glass-effect-no elementor-widget elementor-widget-heading\" data-id=\"9e07436\" data-element_type=\"widget\" data-e-type=\"widget\" data-widget_type=\"heading.default\">\n\t\t\t\t\t<h2 class=\"elementor-heading-title elementor-size-default\">As melhores condi\u00e7\u00f5es de ensino encontram-se na nossa Escola de Cabeleireiro\u200b<\/h2>\t\t\t\t<\/div>\n\t\t\t\t<div class=\"elementor-element elementor-element-39c93ed exad-sticky-section-no exad-glass-effect-no elementor-widget elementor-widget-text-editor\" data-id=\"39c93ed\" data-element_type=\"widget\" data-e-type=\"widget\" data-widget_type=\"text-editor.default\">\n\t\t\t\t\t\t\t\t\t<p>Uso de equipamentos incorrectos, grupos superlotados, falta de conhecimentos t\u00e9cnicos \u2013 um obst\u00e1culo comum para quem procura uma forma\u00e7\u00e3o coerente e de qualidade, que lhe garanta a prepara\u00e7\u00e3o necess\u00e1ria para iniciar uma carreira de sucesso! A pensar em si e nessa necessidade,\u00a0<strong>Swiss Beauty &amp; Hair Academy<\/strong>, desenvolveu a escola de cabeleireiro com forma\u00e7\u00f5es modulares que lhe permitem uma melhor e f\u00e1cil gest\u00e3o do seu tempo com a aprendizagem, orientados em diversas l\u00ednguas para lhe garantir uma f\u00e1cil integra\u00e7\u00e3o e entendimento dos conte\u00fados te\u00f3ricos e pr\u00e1ticos, espa\u00e7os e equipamentos modernos e adequados para a pr\u00e1tica dos ensinamentos requeridos, e ainda grupos pequenos de forma a assegurar-lhe um acompanhamento personalizado.<\/p>\t\t\t\t\t\t\t\t<\/div>\n\t\t\t\t<\/div>\n\t\t<div class=\"elementor-element elementor-element-cb3f54d e-con-full e-flex e-con e-child\" data-id=\"cb3f54d\" data-element_type=\"container\" data-e-type=\"container\" data-settings=\"{&quot;background_background&quot;:&quot;classic&quot;}\">\n\t\t\t\t<div class=\"elementor-element elementor-element-ab82f4b exad-sticky-section-no exad-glass-effect-no elementor-widget elementor-widget-image\" data-id=\"ab82f4b\" data-element_type=\"widget\" data-e-type=\"widget\" data-widget_type=\"image.default\">\n\t\t\t\t\t\t\t\t\t\t\t\t\t\t\t<img alt=\"\" loading=\"lazy\" decoding=\"async\" width=\"1024\" height=\"683\" src=\"https:\/\/swiss-beauty-and-hair-academy.ch\/wp-content\/uploads\/2025\/04\/43223875_xl-1-scaled-1-1-1024x683.jpg\" class=\"attachment-large size-large wp-image-47017\" alt=\"\" srcset=\"https:\/\/swiss-beauty-and-hair-academy.ch\/wp-content\/uploads\/2025\/04\/43223875_xl-1-scaled-1-1-1024x683.jpg 1024w, https:\/\/swiss-beauty-and-hair-academy.ch\/wp-content\/uploads\/2025\/04\/43223875_xl-1-scaled-1-1-300x200.jpg 300w, https:\/\/swiss-beauty-and-hair-academy.ch\/wp-content\/uploads\/2025\/04\/43223875_xl-1-scaled-1-1-768x512.jpg 768w, https:\/\/swiss-beauty-and-hair-academy.ch\/wp-content\/uploads\/2025\/04\/43223875_xl-1-scaled-1-1-1536x1024.jpg 1536w, https:\/\/swiss-beauty-and-hair-academy.ch\/wp-content\/uploads\/2025\/04\/43223875_xl-1-scaled-1-1-2048x1366.jpg 2048w, https:\/\/swiss-beauty-and-hair-academy.ch\/wp-content\/uploads\/2025\/04\/43223875_xl-1-scaled-1-1-600x400.jpg 600w\" sizes=\"(max-width: 1024px) 100vw, 1024px\" \/>\t\t\t\t\t\t\t\t\t\t\t\t\t\t\t<\/div>\n\t\t\t\t<div class=\"elementor-element elementor-element-7ac5943 exad-sticky-section-no exad-glass-effect-no elementor-widget elementor-widget-heading\" data-id=\"7ac5943\" data-element_type=\"widget\" data-e-type=\"widget\" data-widget_type=\"heading.default\">\n\t\t\t\t\t<h2 class=\"elementor-heading-title elementor-size-default\">Forma\u00e7\u00e3o de cabeleireiro \u2013 Aprenda e aperfei\u00e7oe as mais atuais t\u00e9cnicas de corte e colora\u00e7\u00e3o com os nossos cursos corte de cabelo e colorimetria\u200b<\/h2>\t\t\t\t<\/div>\n\t\t\t\t<div class=\"elementor-element elementor-element-003317a exad-sticky-section-no exad-glass-effect-no elementor-widget elementor-widget-text-editor\" data-id=\"003317a\" data-element_type=\"widget\" data-e-type=\"widget\" data-widget_type=\"text-editor.default\">\n\t\t\t\t\t\t\t\t\t<p>Enquanto Cabeleireiro Profissional, \u00e9 importante que exista uma atualiza\u00e7\u00e3o constante das t\u00e9cnicas e tend\u00eancias que v\u00e3o surgindo ao longo tempo, pois a falta de tal podem ser grandes entraves para a sua evolu\u00e7\u00e3o enquanto profissional. Na Swiss Beauty &amp; Hair Academy oferecemos cursos de Reciclagem de Cabeleireiro com uma dura\u00e7\u00e3o m\u00ednima de um m\u00eas, assim como variados cursos de especializa\u00e7\u00e3o, como por exemplo o curso Cabeleireiro de Homem, cursos de corte de cabelo e colorimetria. Estas forma\u00e7\u00f5es est\u00e3o dispon\u00edveis quer para alunos que tenham realizado a forma\u00e7\u00e3o na nossa escola, quer para novos alunos.\u00a0<strong>Visite as nossas instala\u00e7\u00f5es e marque uma aula de experi\u00eancia de forma gratuita!<\/strong><\/p>\t\t\t\t\t\t\t\t<\/div>\n\t\t\t\t<\/div>\n\t\t<div class=\"elementor-element elementor-element-0606fcf e-con-full e-flex e-con e-child\" data-id=\"0606fcf\" data-element_type=\"container\" data-e-type=\"container\" data-settings=\"{&quot;background_background&quot;:&quot;classic&quot;}\">\n\t\t\t\t<div class=\"elementor-element elementor-element-20863a4 exad-sticky-section-no exad-glass-effect-no elementor-widget elementor-widget-image\" data-id=\"20863a4\" data-element_type=\"widget\" data-e-type=\"widget\" data-widget_type=\"image.default\">\n\t\t\t\t\t\t\t\t\t\t\t\t\t\t\t<img alt=\"\" loading=\"lazy\" decoding=\"async\" width=\"1024\" height=\"684\" src=\"https:\/\/swiss-beauty-and-hair-academy.ch\/wp-content\/uploads\/2025\/04\/51259663_l-scaled-1-1-1-1-1-1-1024x684.jpg\" class=\"attachment-large size-large wp-image-47023\" alt=\"\" srcset=\"https:\/\/swiss-beauty-and-hair-academy.ch\/wp-content\/uploads\/2025\/04\/51259663_l-scaled-1-1-1-1-1-1-1024x684.jpg 1024w, https:\/\/swiss-beauty-and-hair-academy.ch\/wp-content\/uploads\/2025\/04\/51259663_l-scaled-1-1-1-1-1-1-300x200.jpg 300w, https:\/\/swiss-beauty-and-hair-academy.ch\/wp-content\/uploads\/2025\/04\/51259663_l-scaled-1-1-1-1-1-1-768x513.jpg 768w, https:\/\/swiss-beauty-and-hair-academy.ch\/wp-content\/uploads\/2025\/04\/51259663_l-scaled-1-1-1-1-1-1-1536x1025.jpg 1536w, https:\/\/swiss-beauty-and-hair-academy.ch\/wp-content\/uploads\/2025\/04\/51259663_l-scaled-1-1-1-1-1-1-2048x1367.jpg 2048w, https:\/\/swiss-beauty-and-hair-academy.ch\/wp-content\/uploads\/2025\/04\/51259663_l-scaled-1-1-1-1-1-1-600x401.jpg 600w\" sizes=\"(max-width: 1024px) 100vw, 1024px\" \/>\t\t\t\t\t\t\t\t\t\t\t\t\t\t\t<\/div>\n\t\t\t\t<div class=\"elementor-element elementor-element-e9627d9 exad-sticky-section-no exad-glass-effect-no elementor-widget elementor-widget-heading\" data-id=\"e9627d9\" data-element_type=\"widget\" data-e-type=\"widget\" data-widget_type=\"heading.default\">\n\t\t\t\t\t<h2 class=\"elementor-heading-title elementor-size-default\">Curso de Cabeleireiro Modular \u2013 Alcance todos os seus objetivos de uma s\u00f3 vez\n<\/h2>\t\t\t\t<\/div>\n\t\t\t\t<div class=\"elementor-element elementor-element-f718907 exad-sticky-section-no exad-glass-effect-no elementor-widget elementor-widget-text-editor\" data-id=\"f718907\" data-element_type=\"widget\" data-e-type=\"widget\" data-widget_type=\"text-editor.default\">\n\t\t\t\t\t\t\t\t\t<p>Todos somos diferentes, da\u00ed que cada um de n\u00f3s tem diferente interesses e objectivos. Da\u00ed que na nossa Escola de Cabeleireiro damos-lhe a op\u00e7\u00e3o de realizar a forma\u00e7\u00e3o de forma modular para que consiga conciliar mais do que um curso de \u00e1reas diferentes ao mesmo tempo. Fique atento \u00e0 nossa agenda escolar e n\u00e3o perca mais nenhum Workshop do seu interesse.<\/p>\t\t\t\t\t\t\t\t<\/div>\n\t\t\t\t<\/div>\n\t\t\t\t<\/div>\n\t\t\t\t\t<\/div>\n\t\t<\/div>\n\t\t\t\t\t<\/div>\n\t\t<\/section>\n\t\t\t\t<section class=\"elementor-section elementor-top-section elementor-element elementor-element-6bf6fc0 elementor-section-stretched elementor-section-boxed elementor-section-height-default elementor-section-height-default exad-glass-effect-no exad-sticky-section-no\" data-id=\"6bf6fc0\" data-element_type=\"section\" data-e-type=\"section\" data-settings=\"{&quot;background_background&quot;:&quot;classic&quot;,&quot;stretch_section&quot;:&quot;section-stretched&quot;}\">\n\t\t\t\t\t\t\t<div class=\"elementor-background-overlay\"><\/div>\n\t\t\t\t\t\t\t<div class=\"elementor-container elementor-column-gap-default\">\n\t\t\t\t\t<div class=\"elementor-column elementor-col-100 elementor-top-column elementor-element elementor-element-d1068cd exad-glass-effect-no exad-sticky-section-no elementor-invisible\" data-id=\"d1068cd\" data-element_type=\"column\" data-e-type=\"column\" data-settings=\"{&quot;animation&quot;:&quot;fadeIn&quot;,&quot;animation_delay&quot;:150}\">\n\t\t\t<div class=\"elementor-widget-wrap\">\n\t\t\t\t\t\t\t<\/div>\n\t\t<\/div>\n\t\t\t\t\t<\/div>\n\t\t<\/section>\n\t\t\t\t<section class=\"elementor-section elementor-top-section elementor-element elementor-element-77b7fe8 elementor-section-boxed elementor-section-height-default elementor-section-height-default exad-glass-effect-no exad-sticky-section-no\" data-id=\"77b7fe8\" data-element_type=\"section\" data-e-type=\"section\">\n\t\t\t\t\t\t<div class=\"elementor-container elementor-column-gap-default\">\n\t\t\t\t\t<div class=\"elementor-column elementor-col-100 elementor-top-column elementor-element elementor-element-8291356 exad-glass-effect-no exad-sticky-section-no\" data-id=\"8291356\" data-element_type=\"column\" data-e-type=\"column\">\n\t\t\t<div class=\"elementor-widget-wrap elementor-element-populated\">\n\t\t\t\t\t\t<div class=\"elementor-element elementor-element-c8b2311 exad-sticky-section-no exad-glass-effect-no elementor-invisible elementor-widget elementor-widget-heading\" data-id=\"c8b2311\" data-element_type=\"widget\" data-e-type=\"widget\" data-settings=\"{&quot;_animation&quot;:&quot;fadeIn&quot;}\" data-widget_type=\"heading.default\">\n\t\t\t\t\t<h3 class=\"elementor-heading-title elementor-size-default\">Escola Profissional de Cabeleireiro \u2013 Cursos dispon\u00edveis:\n<\/h3>\t\t\t\t<\/div>\n\t\t\t\t<div class=\"elementor-element elementor-element-8d64ef5 elementor-icon-list--layout-traditional elementor-list-item-link-full_width exad-sticky-section-no exad-glass-effect-no elementor-widget elementor-widget-icon-list\" data-id=\"8d64ef5\" data-element_type=\"widget\" data-e-type=\"widget\" data-widget_type=\"icon-list.default\">\n\t\t\t\t\t\t\t<ul class=\"elementor-icon-list-items\">\n\t\t\t\t\t\t\t<li class=\"elementor-icon-list-item\">\n\t\t\t\t\t\t\t\t\t\t\t<span class=\"elementor-icon-list-icon\">\n\t\t\t\t\t\t\t<svg aria-hidden=\"true\" class=\"e-font-icon-svg e-fas-check-circle\" viewBox=\"0 0 512 512\" xmlns=\"http:\/\/www.w3.org\/2000\/svg\"><path d=\"M504 256c0 136.967-111.033 248-248 248S8 392.967 8 256 119.033 8 256 8s248 111.033 248 248zM227.314 387.314l184-184c6.248-6.248 6.248-16.379 0-22.627l-22.627-22.627c-6.248-6.249-16.379-6.249-22.628 0L216 308.118l-70.059-70.059c-6.248-6.248-16.379-6.248-22.628 0l-22.627 22.627c-6.248 6.248-6.248 16.379 0 22.627l104 104c6.249 6.249 16.379 6.249 22.628.001z\"><\/path><\/svg>\t\t\t\t\t\t<\/span>\n\t\t\t\t\t\t\t\t\t\t<span class=\"elementor-icon-list-text\">\tForma\u00e7\u00e3o de Cabeleireiro<\/span>\n\t\t\t\t\t\t\t\t\t<\/li>\n\t\t\t\t\t\t\t\t<li class=\"elementor-icon-list-item\">\n\t\t\t\t\t\t\t\t\t\t\t<span class=\"elementor-icon-list-icon\">\n\t\t\t\t\t\t\t<svg aria-hidden=\"true\" class=\"e-font-icon-svg e-fas-check-circle\" viewBox=\"0 0 512 512\" xmlns=\"http:\/\/www.w3.org\/2000\/svg\"><path d=\"M504 256c0 136.967-111.033 248-248 248S8 392.967 8 256 119.033 8 256 8s248 111.033 248 248zM227.314 387.314l184-184c6.248-6.248 6.248-16.379 0-22.627l-22.627-22.627c-6.248-6.249-16.379-6.249-22.628 0L216 308.118l-70.059-70.059c-6.248-6.248-16.379-6.248-22.628 0l-22.627 22.627c-6.248 6.248-6.248 16.379 0 22.627l104 104c6.249 6.249 16.379 6.249 22.628.001z\"><\/path><\/svg>\t\t\t\t\t\t<\/span>\n\t\t\t\t\t\t\t\t\t\t<span class=\"elementor-icon-list-text\">\tCurso de Reciclagem\/Especializa\u00e7\u00e3o de Cabeleireiro<\/span>\n\t\t\t\t\t\t\t\t\t<\/li>\n\t\t\t\t\t\t<\/ul>\n\t\t\t\t\t\t<\/div>\n\t\t\t\t\t<\/div>\n\t\t<\/div>\n\t\t\t\t\t<\/div>\n\t\t<\/section>\n\t\t\t\t<section class=\"elementor-section elementor-top-section elementor-element elementor-element-f65f786 elementor-section-stretched elementor-section-boxed elementor-section-height-default elementor-section-height-default exad-glass-effect-no exad-sticky-section-no\" data-id=\"f65f786\" data-element_type=\"section\" data-e-type=\"section\" data-settings=\"{&quot;background_background&quot;:&quot;classic&quot;,&quot;stretch_section&quot;:&quot;section-stretched&quot;}\">\n\t\t\t\t\t\t\t<div class=\"elementor-background-overlay\"><\/div>\n\t\t\t\t\t\t\t<div class=\"elementor-container elementor-column-gap-default\">\n\t\t\t\t\t<div class=\"elementor-column elementor-col-100 elementor-top-column elementor-element elementor-element-cc04513 exad-glass-effect-no exad-sticky-section-no elementor-invisible\" data-id=\"cc04513\" data-element_type=\"column\" data-e-type=\"column\" data-settings=\"{&quot;animation&quot;:&quot;fadeIn&quot;,&quot;animation_delay&quot;:150}\">\n\t\t\t<div class=\"elementor-widget-wrap\">\n\t\t\t\t\t\t\t<\/div>\n\t\t<\/div>\n\t\t\t\t\t<\/div>\n\t\t<\/section>\n\t\t<div class=\"elementor-element elementor-element-9f1f293 e-flex e-con-boxed e-con e-parent\" data-id=\"9f1f293\" data-element_type=\"container\" data-e-type=\"container\">\n\t\t\t\t\t<div class=\"e-con-inner\">\n\t\t\t\t<div class=\"elementor-element elementor-element-2af229c exad-sticky-section-no exad-glass-effect-no elementor-widget elementor-widget-shortcode\" data-id=\"2af229c\" data-element_type=\"widget\" data-e-type=\"widget\" data-widget_type=\"shortcode.default\">\n\t\t\t\t\t\t\t<div class=\"elementor-shortcode\">\t\t<div data-elementor-type=\"section\" data-elementor-id=\"32759\" class=\"elementor elementor-32759\" data-elementor-post-type=\"elementor_library\">\n\t\t\t\t\t<section class=\"elementor-section elementor-top-section elementor-element elementor-element-39ff5b08 elementor-section-content-middle elementor-section-stretched elementor-section-boxed elementor-section-height-default elementor-section-height-default exad-glass-effect-no exad-sticky-section-no\" data-id=\"39ff5b08\" data-element_type=\"section\" data-e-type=\"section\" data-settings=\"{&quot;stretch_section&quot;:&quot;section-stretched&quot;}\">\n\t\t\t\t\t\t<div class=\"elementor-container elementor-column-gap-no\">\n\t\t\t\t\t<div class=\"elementor-column elementor-col-33 elementor-top-column elementor-element elementor-element-60dcaf49 exad-glass-effect-no exad-sticky-section-no\" data-id=\"60dcaf49\" data-element_type=\"column\" data-e-type=\"column\" data-settings=\"{&quot;background_background&quot;:&quot;classic&quot;}\">\n\t\t\t<div class=\"elementor-widget-wrap elementor-element-populated\">\n\t\t\t\t\t\t<div class=\"elementor-element elementor-element-1609a1e5 exad-sticky-section-no exad-glass-effect-no elementor-widget elementor-widget-image\" data-id=\"1609a1e5\" data-element_type=\"widget\" data-e-type=\"widget\" data-widget_type=\"image.default\">\n\t\t\t\t\t\t\t\t\t\t\t\t\t\t\t<img decoding=\"async\" src=\"https:\/\/swiss-beauty-and-hair-academy.ch\/wp-content\/uploads\/elementor\/thumbs\/sugaring-kurs-faq-q4llpd66am4xu71ezkvfqx5h3v3n56sdeykjwp4ars.jpg\" title=\"sugaring-kurs-faq\" alt=\"sugaring-kurs-faq\" loading=\"lazy\" \/>\t\t\t\t\t\t\t\t\t\t\t\t\t\t\t<\/div>\n\t\t\t\t\t<\/div>\n\t\t<\/div>\n\t\t\t\t<div class=\"elementor-column elementor-col-66 elementor-top-column elementor-element elementor-element-2dd5f85f exad-glass-effect-no exad-sticky-section-no\" data-id=\"2dd5f85f\" data-element_type=\"column\" data-e-type=\"column\">\n\t\t\t<div class=\"elementor-widget-wrap elementor-element-populated\">\n\t\t\t\t\t\t<div class=\"elementor-element elementor-element-41640133 exad-sticky-section-no exad-glass-effect-no elementor-invisible elementor-widget elementor-widget-heading\" data-id=\"41640133\" data-element_type=\"widget\" data-e-type=\"widget\" data-settings=\"{&quot;_animation&quot;:&quot;fadeIn&quot;,&quot;_animation_delay&quot;:100}\" data-widget_type=\"heading.default\">\n\t\t\t\t\t<h3 class=\"elementor-heading-title elementor-size-default\">FAQ - Perguntas mais frequentes<\/h3>\t\t\t\t<\/div>\n\t\t\t\t<div class=\"elementor-element elementor-element-26ea25b1 exad-sticky-section-no exad-glass-effect-no elementor-invisible elementor-widget elementor-widget-accordion\" data-id=\"26ea25b1\" data-element_type=\"widget\" data-e-type=\"widget\" data-settings=\"{&quot;_animation&quot;:&quot;fadeIn&quot;}\" data-widget_type=\"accordion.default\">\n\t\t\t\t\t\t\t<div class=\"elementor-accordion\">\n\t\t\t\t\t\t\t<div class=\"elementor-accordion-item\">\n\t\t\t\t\t<div id=\"elementor-tab-title-6521\" class=\"elementor-tab-title\" data-tab=\"1\" role=\"button\" aria-controls=\"elementor-tab-content-6521\" aria-expanded=\"false\">\n\t\t\t\t\t\t\t\t\t\t\t\t\t<span class=\"elementor-accordion-icon elementor-accordion-icon-left\" aria-hidden=\"true\">\n\t\t\t\t\t\t\t\t\t\t\t\t\t\t\t<span class=\"elementor-accordion-icon-closed\"><svg class=\"e-font-icon-svg e-fas-angle-right\" viewBox=\"0 0 256 512\" xmlns=\"http:\/\/www.w3.org\/2000\/svg\"><path d=\"M224.3 273l-136 136c-9.4 9.4-24.6 9.4-33.9 0l-22.6-22.6c-9.4-9.4-9.4-24.6 0-33.9l96.4-96.4-96.4-96.4c-9.4-9.4-9.4-24.6 0-33.9L54.3 103c9.4-9.4 24.6-9.4 33.9 0l136 136c9.5 9.4 9.5 24.6.1 34z\"><\/path><\/svg><\/span>\n\t\t\t\t\t\t\t\t<span class=\"elementor-accordion-icon-opened\"><svg class=\"e-font-icon-svg e-fas-angle-down\" viewBox=\"0 0 320 512\" xmlns=\"http:\/\/www.w3.org\/2000\/svg\"><path d=\"M143 352.3L7 216.3c-9.4-9.4-9.4-24.6 0-33.9l22.6-22.6c9.4-9.4 24.6-9.4 33.9 0l96.4 96.4 96.4-96.4c9.4-9.4 24.6-9.4 33.9 0l22.6 22.6c9.4 9.4 9.4 24.6 0 33.9l-136 136c-9.2 9.4-24.4 9.4-33.8 0z\"><\/path><\/svg><\/span>\n\t\t\t\t\t\t\t\t\t\t\t\t\t\t<\/span>\n\t\t\t\t\t\t\t\t\t\t\t\t<a class=\"elementor-accordion-title\" tabindex=\"0\">O que significa a certifica\u00e7\u00e3o Adie EduQua?<\/a>\n\t\t\t\t\t<\/div>\n\t\t\t\t\t<div id=\"elementor-tab-content-6521\" class=\"elementor-tab-content elementor-clearfix\" data-tab=\"1\" role=\"region\" aria-labelledby=\"elementor-tab-title-6521\"><p><a href=\"https:\/\/alice.ch\/de\/qualitaet\/qualitaetslabel-eduqua\/\">EduQua<\/a> \u00e9 um certificado de qualidade su\u00ed\u00e7o para institui\u00e7\u00f5es de ensino superior no dom\u00ednio da educa\u00e7\u00e3o de adultos. Promove a transpar\u00eancia, a comparabilidade e a qualidade dos programas de forma\u00e7\u00e3o cont\u00ednua.<\/p><\/div>\n\t\t\t\t<\/div>\n\t\t\t\t\t\t\t<div class=\"elementor-accordion-item\">\n\t\t\t\t\t<div id=\"elementor-tab-title-6522\" class=\"elementor-tab-title\" data-tab=\"2\" role=\"button\" aria-controls=\"elementor-tab-content-6522\" aria-expanded=\"false\">\n\t\t\t\t\t\t\t\t\t\t\t\t\t<span class=\"elementor-accordion-icon elementor-accordion-icon-left\" aria-hidden=\"true\">\n\t\t\t\t\t\t\t\t\t\t\t\t\t\t\t<span class=\"elementor-accordion-icon-closed\"><svg class=\"e-font-icon-svg e-fas-angle-right\" viewBox=\"0 0 256 512\" xmlns=\"http:\/\/www.w3.org\/2000\/svg\"><path d=\"M224.3 273l-136 136c-9.4 9.4-24.6 9.4-33.9 0l-22.6-22.6c-9.4-9.4-9.4-24.6 0-33.9l96.4-96.4-96.4-96.4c-9.4-9.4-9.4-24.6 0-33.9L54.3 103c9.4-9.4 24.6-9.4 33.9 0l136 136c9.5 9.4 9.5 24.6.1 34z\"><\/path><\/svg><\/span>\n\t\t\t\t\t\t\t\t<span class=\"elementor-accordion-icon-opened\"><svg class=\"e-font-icon-svg e-fas-angle-down\" viewBox=\"0 0 320 512\" xmlns=\"http:\/\/www.w3.org\/2000\/svg\"><path d=\"M143 352.3L7 216.3c-9.4-9.4-9.4-24.6 0-33.9l22.6-22.6c9.4-9.4 24.6-9.4 33.9 0l96.4 96.4 96.4-96.4c9.4-9.4 24.6-9.4 33.9 0l22.6 22.6c9.4 9.4 9.4 24.6 0 33.9l-136 136c-9.2 9.4-24.4 9.4-33.8 0z\"><\/path><\/svg><\/span>\n\t\t\t\t\t\t\t\t\t\t\t\t\t\t<\/span>\n\t\t\t\t\t\t\t\t\t\t\t\t<a class=\"elementor-accordion-title\" tabindex=\"0\">De que descontos pode beneficiar?<\/a>\n\t\t\t\t\t<\/div>\n\t\t\t\t\t<div id=\"elementor-tab-content-6522\" class=\"elementor-tab-content elementor-clearfix\" data-tab=\"2\" role=\"region\" aria-labelledby=\"elementor-tab-title-6522\"><ul><li>10% de desconto num segundo curso ou workshop, seja na Swiss Beauty &#038; Hair Academy, na Swiss Fashion Academy ou na Swiss Nutrition Academy.<\/li><li>Desconto de 3% para pagamento imediato da totalidade da propina do curso (apenas aplic\u00e1vel a cursos com dura\u00e7\u00e3o superior a 1 m\u00eas)<\/li><li>Pagamento c\u00f3modo em presta\u00e7\u00f5es mensais sem taxas e juros<\/li><\/ul><\/div>\n\t\t\t\t<\/div>\n\t\t\t\t\t\t\t<div class=\"elementor-accordion-item\">\n\t\t\t\t\t<div id=\"elementor-tab-title-6523\" class=\"elementor-tab-title\" data-tab=\"3\" role=\"button\" aria-controls=\"elementor-tab-content-6523\" aria-expanded=\"false\">\n\t\t\t\t\t\t\t\t\t\t\t\t\t<span class=\"elementor-accordion-icon elementor-accordion-icon-left\" aria-hidden=\"true\">\n\t\t\t\t\t\t\t\t\t\t\t\t\t\t\t<span class=\"elementor-accordion-icon-closed\"><svg class=\"e-font-icon-svg e-fas-angle-right\" viewBox=\"0 0 256 512\" xmlns=\"http:\/\/www.w3.org\/2000\/svg\"><path d=\"M224.3 273l-136 136c-9.4 9.4-24.6 9.4-33.9 0l-22.6-22.6c-9.4-9.4-9.4-24.6 0-33.9l96.4-96.4-96.4-96.4c-9.4-9.4-9.4-24.6 0-33.9L54.3 103c9.4-9.4 24.6-9.4 33.9 0l136 136c9.5 9.4 9.5 24.6.1 34z\"><\/path><\/svg><\/span>\n\t\t\t\t\t\t\t\t<span class=\"elementor-accordion-icon-opened\"><svg class=\"e-font-icon-svg e-fas-angle-down\" viewBox=\"0 0 320 512\" xmlns=\"http:\/\/www.w3.org\/2000\/svg\"><path d=\"M143 352.3L7 216.3c-9.4-9.4-9.4-24.6 0-33.9l22.6-22.6c9.4-9.4 24.6-9.4 33.9 0l96.4 96.4 96.4-96.4c9.4-9.4 24.6-9.4 33.9 0l22.6 22.6c9.4 9.4 9.4 24.6 0 33.9l-136 136c-9.2 9.4-24.4 9.4-33.8 0z\"><\/path><\/svg><\/span>\n\t\t\t\t\t\t\t\t\t\t\t\t\t\t<\/span>\n\t\t\t\t\t\t\t\t\t\t\t\t<a class=\"elementor-accordion-title\" tabindex=\"0\">Pagamento por fatura?<\/a>\n\t\t\t\t\t<\/div>\n\t\t\t\t\t<div id=\"elementor-tab-content-6523\" class=\"elementor-tab-content elementor-clearfix\" data-tab=\"3\" role=\"region\" aria-labelledby=\"elementor-tab-title-6523\"><ul><li>O formul\u00e1rio <a href=\"https:\/\/swiss-fashion-academy.ch\/ueber-uns\/anmeldung-mit-rechnung\/\">Registo com fatura<\/a> est\u00e1 dispon\u00edvel para o registo com pagamento por fatura. O formul\u00e1rio tamb\u00e9m pode ser encontrado abaixo, no rodap\u00e9, na sec\u00e7\u00e3o &#8220;CONTACTO&#8221;.<\/li><li>No caso de pagamento por fatura, \u00e9 efectuado um adiantamento de 30% e o restante montante \u00e9 pago em presta\u00e7\u00f5es mensais;<\/li><\/ul><\/div>\n\t\t\t\t<\/div>\n\t\t\t\t\t\t\t<div class=\"elementor-accordion-item\">\n\t\t\t\t\t<div id=\"elementor-tab-title-6524\" class=\"elementor-tab-title\" data-tab=\"4\" role=\"button\" aria-controls=\"elementor-tab-content-6524\" aria-expanded=\"false\">\n\t\t\t\t\t\t\t\t\t\t\t\t\t<span class=\"elementor-accordion-icon elementor-accordion-icon-left\" aria-hidden=\"true\">\n\t\t\t\t\t\t\t\t\t\t\t\t\t\t\t<span class=\"elementor-accordion-icon-closed\"><svg class=\"e-font-icon-svg e-fas-angle-right\" viewBox=\"0 0 256 512\" xmlns=\"http:\/\/www.w3.org\/2000\/svg\"><path d=\"M224.3 273l-136 136c-9.4 9.4-24.6 9.4-33.9 0l-22.6-22.6c-9.4-9.4-9.4-24.6 0-33.9l96.4-96.4-96.4-96.4c-9.4-9.4-9.4-24.6 0-33.9L54.3 103c9.4-9.4 24.6-9.4 33.9 0l136 136c9.5 9.4 9.5 24.6.1 34z\"><\/path><\/svg><\/span>\n\t\t\t\t\t\t\t\t<span class=\"elementor-accordion-icon-opened\"><svg class=\"e-font-icon-svg e-fas-angle-down\" viewBox=\"0 0 320 512\" xmlns=\"http:\/\/www.w3.org\/2000\/svg\"><path d=\"M143 352.3L7 216.3c-9.4-9.4-9.4-24.6 0-33.9l22.6-22.6c9.4-9.4 24.6-9.4 33.9 0l96.4 96.4 96.4-96.4c9.4-9.4 24.6-9.4 33.9 0l22.6 22.6c9.4 9.4 9.4 24.6 0 33.9l-136 136c-9.2 9.4-24.4 9.4-33.8 0z\"><\/path><\/svg><\/span>\n\t\t\t\t\t\t\t\t\t\t\t\t\t\t<\/span>\n\t\t\t\t\t\t\t\t\t\t\t\t<a class=\"elementor-accordion-title\" tabindex=\"0\">Quais s\u00e3o as vantagens do pagamento em linha?<\/a>\n\t\t\t\t\t<\/div>\n\t\t\t\t\t<div id=\"elementor-tab-content-6524\" class=\"elementor-tab-content elementor-clearfix\" data-tab=\"4\" role=\"region\" aria-labelledby=\"elementor-tab-title-6524\"><p>As vantagens do pagamento em linha em rela\u00e7\u00e3o ao pagamento por fatura s\u00e3o<\/p><ul><li>Para que o encargo mensal do cart\u00e3o de cr\u00e9dito ou de d\u00e9bito se mantenha constante, n\u00e3o \u00e9 exigida qualquer entrada para o pagamento em presta\u00e7\u00f5es mensais.<\/li><li>O direito ao desconto \u00e9 automaticamente calculado e deduzido para pagamentos \u00fanicos.<\/li><\/ul><\/div>\n\t\t\t\t<\/div>\n\t\t\t\t\t\t\t\t<\/div>\n\t\t\t\t\t\t<\/div>\n\t\t\t\t\t<\/div>\n\t\t<\/div>\n\t\t\t\t\t<\/div>\n\t\t<\/section>\n\t\t\t\t<\/div>\n\t\t<\/div>\n\t\t\t\t\t\t<\/div>\n\t\t\t\t\t<\/div>\n\t\t\t\t<\/div>\n\t\t\t\t<section class=\"elementor-section elementor-top-section elementor-element elementor-element-de11187 elementor-section-stretched elementor-section-boxed elementor-section-height-default elementor-section-height-default exad-glass-effect-no exad-sticky-section-no\" data-id=\"de11187\" data-element_type=\"section\" data-e-type=\"section\" data-settings=\"{&quot;background_background&quot;:&quot;classic&quot;,&quot;stretch_section&quot;:&quot;section-stretched&quot;}\">\n\t\t\t\t\t\t\t<div class=\"elementor-background-overlay\"><\/div>\n\t\t\t\t\t\t\t<div class=\"elementor-container elementor-column-gap-default\">\n\t\t\t\t\t<div class=\"elementor-column elementor-col-100 elementor-top-column elementor-element elementor-element-d8103a3 exad-glass-effect-no exad-sticky-section-no elementor-invisible\" data-id=\"d8103a3\" data-element_type=\"column\" data-e-type=\"column\" data-settings=\"{&quot;animation&quot;:&quot;fadeIn&quot;,&quot;animation_delay&quot;:150}\">\n\t\t\t<div class=\"elementor-widget-wrap elementor-element-populated\">\n\t\t\t\t\t\t<section class=\"elementor-section elementor-inner-section elementor-element elementor-element-901ac99 elementor-section-full_width elementor-section-height-default elementor-section-height-default exad-glass-effect-no exad-sticky-section-no\" data-id=\"901ac99\" data-element_type=\"section\" data-e-type=\"section\">\n\t\t\t\t\t\t<div class=\"elementor-container elementor-column-gap-default\">\n\t\t\t\t\t<div class=\"elementor-column elementor-col-100 elementor-inner-column elementor-element elementor-element-bbf14d4 exad-glass-effect-no exad-sticky-section-no\" data-id=\"bbf14d4\" data-element_type=\"column\" data-e-type=\"column\">\n\t\t\t<div class=\"elementor-widget-wrap elementor-element-populated\">\n\t\t\t\t\t\t<div class=\"elementor-element elementor-element-e8041ba exad-sticky-section-no exad-glass-effect-no elementor-widget elementor-widget-heading\" data-id=\"e8041ba\" data-element_type=\"widget\" data-e-type=\"widget\" data-widget_type=\"heading.default\">\n\t\t\t\t\t<h3 class=\"elementor-heading-title elementor-size-default\">Est\u00e1 a um passo de mudar o seu futuro! Por favor selecione uma das seguintes op\u00e7\u00f5es:<\/h3>\t\t\t\t<\/div>\n\t\t\t\t\t<\/div>\n\t\t<\/div>\n\t\t\t\t\t<\/div>\n\t\t<\/section>\n\t\t\t\t<section class=\"elementor-section elementor-inner-section elementor-element elementor-element-c6a6cad elementor-section-full_width bottom_box elementor-section-height-default elementor-section-height-default exad-glass-effect-no exad-sticky-section-no\" data-id=\"c6a6cad\" data-element_type=\"section\" data-e-type=\"section\">\n\t\t\t\t\t\t<div class=\"elementor-container elementor-column-gap-default\">\n\t\t\t\t\t<div class=\"elementor-column elementor-col-50 elementor-inner-column elementor-element elementor-element-acc6fe4 exad-glass-effect-no exad-sticky-section-no\" data-id=\"acc6fe4\" data-element_type=\"column\" data-e-type=\"column\">\n\t\t\t<div class=\"elementor-widget-wrap elementor-element-populated\">\n\t\t\t\t\t\t<div class=\"exad-link-anything-wrapper elementor-element elementor-element-41fee1c elementor-cta--layout-image-above elementor-cta--valign-middle elementor-cta--skin-classic elementor-animated-content elementor-bg-transform elementor-bg-transform-zoom-in exad-sticky-section-no exad-glass-effect-no elementor-widget elementor-widget-call-to-action\" data-exad-element-link=\"{&quot;url&quot;:&quot;https:\\\/\\\/swiss-beauty-and-hair-academy.ch\\\/pt\\\/sobre-nos\\\/formulario-de-contato\\\/&quot;,&quot;is_external&quot;:&quot;&quot;,&quot;nofollow&quot;:&quot;&quot;,&quot;custom_attributes&quot;:&quot;&quot;}\" style=\"cursor: pointer\" data-id=\"41fee1c\" data-element_type=\"widget\" data-e-type=\"widget\" data-widget_type=\"call-to-action.default\">\n\t\t\t\t\t\t\t<div class=\"elementor-cta\">\n\t\t\t\t\t\t\t<div class=\"elementor-cta__content\">\n\t\t\t\t\t\t\t\t\t<div class=\"elementor-content-item elementor-cta__content-item elementor-icon-wrapper elementor-cta__icon elementor-view-default\">\n\t\t\t\t\t\t<div class=\"elementor-icon\">\n\t\t\t\t\t\t\t<svg aria-hidden=\"true\" class=\"e-font-icon-svg e-fas-users\" viewBox=\"0 0 640 512\" xmlns=\"http:\/\/www.w3.org\/2000\/svg\"><path d=\"M96 224c35.3 0 64-28.7 64-64s-28.7-64-64-64-64 28.7-64 64 28.7 64 64 64zm448 0c35.3 0 64-28.7 64-64s-28.7-64-64-64-64 28.7-64 64 28.7 64 64 64zm32 32h-64c-17.6 0-33.5 7.1-45.1 18.6 40.3 22.1 68.9 62 75.1 109.4h66c17.7 0 32-14.3 32-32v-32c0-35.3-28.7-64-64-64zm-256 0c61.9 0 112-50.1 112-112S381.9 32 320 32 208 82.1 208 144s50.1 112 112 112zm76.8 32h-8.3c-20.8 10-43.9 16-68.5 16s-47.6-6-68.5-16h-8.3C179.6 288 128 339.6 128 403.2V432c0 26.5 21.5 48 48 48h288c26.5 0 48-21.5 48-48v-28.8c0-63.6-51.6-115.2-115.2-115.2zm-223.7-13.4C161.5 263.1 145.6 256 128 256H64c-35.3 0-64 28.7-64 64v32c0 17.7 14.3 32 32 32h65.9c6.3-47.4 34.9-87.3 75.2-109.4z\"><\/path><\/svg>\t\t\t\t\t\t<\/div>\n\t\t\t\t\t<\/div>\n\t\t\t\t\n\t\t\t\t\t\t\t\t\t<h3 class=\"elementor-cta__title elementor-cta__content-item elementor-content-item\">\n\t\t\t\t\t\tDocumenta\u00e7\u00e3o do curso \/ Consulta pessoal\t\t\t\t\t<\/h3>\n\t\t\t\t\n\t\t\t\t\t\t\t\t\t<div class=\"elementor-cta__description elementor-cta__content-item elementor-content-item\">\n\t\t\t\t\t\tUse o formul\u00e1rio de contato para solicitar a documenta\u00e7\u00e3o\/informa\u00e7\u00f5es adicionais do curso ou para agendar uma sess\u00e3o de esclarecimento pessoalmente na nossa escola.\n\t\t\t\t\t<\/div>\n\t\t\t\t\n\t\t\t\t\t\t\t\t\t<div class=\"elementor-cta__button-wrapper elementor-cta__content-item elementor-content-item \">\n\t\t\t\t\t<a class=\"elementor-cta__button elementor-button elementor-size-lg\" href=\"https:\/\/swiss-beauty-and-hair-academy.ch\/pt\/sobre-nos\/formulario-de-contato\/\">\n\t\t\t\t\t\tFormulario de contato\t\t\t\t\t<\/a>\n\t\t\t\t\t<\/div>\n\t\t\t\t\t\t\t<\/div>\n\t\t\t\t\t\t<\/div>\n\t\t\t\t\t\t<\/div>\n\t\t\t\t\t<\/div>\n\t\t<\/div>\n\t\t\t\t<div class=\"elementor-column elementor-col-50 elementor-inner-column elementor-element elementor-element-721e88f exad-glass-effect-no exad-sticky-section-no\" data-id=\"721e88f\" data-element_type=\"column\" data-e-type=\"column\">\n\t\t\t<div class=\"elementor-widget-wrap elementor-element-populated\">\n\t\t\t\t\t\t<div class=\"exad-link-anything-wrapper elementor-element elementor-element-6a672d2 elementor-cta--layout-image-above elementor-cta--valign-middle elementor-cta--skin-classic elementor-animated-content elementor-bg-transform elementor-bg-transform-zoom-in exad-sticky-section-no exad-glass-effect-no elementor-widget elementor-widget-call-to-action\" data-exad-element-link=\"{&quot;url&quot;:&quot;https:\\\/\\\/swiss-beauty-and-hair-academy.ch\\\/pt\\\/escola-de-cabeleireiro-cursos\\\/&quot;,&quot;is_external&quot;:&quot;&quot;,&quot;nofollow&quot;:&quot;&quot;,&quot;custom_attributes&quot;:&quot;&quot;}\" style=\"cursor: pointer\" data-id=\"6a672d2\" data-element_type=\"widget\" data-e-type=\"widget\" data-widget_type=\"call-to-action.default\">\n\t\t\t\t\t\t\t<div class=\"elementor-cta\">\n\t\t\t\t\t\t\t<div class=\"elementor-cta__content\">\n\t\t\t\t\t\t\t\t\t<div class=\"elementor-content-item elementor-cta__content-item elementor-icon-wrapper elementor-cta__icon elementor-view-default\">\n\t\t\t\t\t\t<div class=\"elementor-icon\">\n\t\t\t\t\t\t\t<svg aria-hidden=\"true\" class=\"e-font-icon-svg e-fas-pencil-alt\" viewBox=\"0 0 512 512\" xmlns=\"http:\/\/www.w3.org\/2000\/svg\"><path d=\"M497.9 142.1l-46.1 46.1c-4.7 4.7-12.3 4.7-17 0l-111-111c-4.7-4.7-4.7-12.3 0-17l46.1-46.1c18.7-18.7 49.1-18.7 67.9 0l60.1 60.1c18.8 18.7 18.8 49.1 0 67.9zM284.2 99.8L21.6 362.4.4 483.9c-2.9 16.4 11.4 30.6 27.8 27.8l121.5-21.3 262.6-262.6c4.7-4.7 4.7-12.3 0-17l-111-111c-4.8-4.7-12.4-4.7-17.1 0zM124.1 339.9c-5.5-5.5-5.5-14.3 0-19.8l154-154c5.5-5.5 14.3-5.5 19.8 0s5.5 14.3 0 19.8l-154 154c-5.5 5.5-14.3 5.5-19.8 0zM88 424h48v36.3l-64.5 11.3-31.1-31.1L51.7 376H88v48z\"><\/path><\/svg>\t\t\t\t\t\t<\/div>\n\t\t\t\t\t<\/div>\n\t\t\t\t\n\t\t\t\t\t\t\t\t\t<h3 class=\"elementor-cta__title elementor-cta__content-item elementor-content-item\">\n\t\t\t\t\t\tMatr\u00edcula\t\t\t\t\t<\/h3>\n\t\t\t\t\n\t\t\t\t\t\t\t\t\t<div class=\"elementor-cta__description elementor-cta__content-item elementor-content-item\">\n\t\t\t\t\t\tFa\u00e7a j\u00e1 a sua inscri\u00e7\u00e3o atrav\u00e9s do nosso formul\u00e1rio online e garanta j\u00e1 o seu lugar na pr\u00f3xima turma.\t\t\t\t\t<\/div>\n\t\t\t\t\n\t\t\t\t\t\t\t\t\t<div class=\"elementor-cta__button-wrapper elementor-cta__content-item elementor-content-item \">\n\t\t\t\t\t<a class=\"elementor-cta__button elementor-button elementor-size-lg\" href=\"https:\/\/swiss-beauty-and-hair-academy.ch\/pt\/escola-de-cabeleireiro-cursos\/\">\n\t\t\t\t\t\tFormul\u00e1rio de matricula\t\t\t\t\t<\/a>\n\t\t\t\t\t<\/div>\n\t\t\t\t\t\t\t<\/div>\n\t\t\t\t\t\t<\/div>\n\t\t\t\t\t\t<\/div>\n\t\t\t\t\t<\/div>\n\t\t<\/div>\n\t\t\t\t\t<\/div>\n\t\t<\/section>\n\t\t\t\t<section class=\"elementor-section elementor-inner-section elementor-element elementor-element-7d5022e elementor-section-full_width elementor-section-height-default elementor-section-height-default exad-glass-effect-no exad-sticky-section-no\" data-id=\"7d5022e\" data-element_type=\"section\" data-e-type=\"section\">\n\t\t\t\t\t\t<div class=\"elementor-container elementor-column-gap-default\">\n\t\t\t\t\t<div class=\"elementor-column elementor-col-100 elementor-inner-column elementor-element elementor-element-29317dc exad-glass-effect-no exad-sticky-section-no\" data-id=\"29317dc\" data-element_type=\"column\" data-e-type=\"column\">\n\t\t\t<div class=\"elementor-widget-wrap elementor-element-populated\">\n\t\t\t\t\t\t<div class=\"elementor-element elementor-element-3b31006 exad-sticky-section-no exad-glass-effect-no elementor-widget elementor-widget-text-editor\" data-id=\"3b31006\" data-element_type=\"widget\" data-e-type=\"widget\" data-widget_type=\"text-editor.default\">\n\t\t\t\t\t\t\t\t\tA equipa da Swiss Beauty &#038; Hair Academy ter\u00e1 todo o gosto em recebe-lo nas nossas instala\u00e7\u00f5es para um visita\/esclarecimento de d\u00favidas. Proporcionamos-lhe tamb\u00e9m a oportunidade de experimentar uma das aulas do curso da sua escolha, de forma gratuita e sem compromissos, para assim ficar a conhecer  o nosso m\u00e9todo de ensino e as nossas instala\u00e7\u00f5es. Isto aplica-se tanto a quem fa\u00e7a a sua inscri\u00e7\u00e3o de forma presencial quer atrav\u00e9s do nosso site.\t\t\t\t\t\t\t\t<\/div>\n\t\t\t\t\t<\/div>\n\t\t<\/div>\n\t\t\t\t\t<\/div>\n\t\t<\/section>\n\t\t\t\t\t<\/div>\n\t\t<\/div>\n\t\t\t\t\t<\/div>\n\t\t<\/section>\n\t\t\t\t<section class=\"elementor-section elementor-top-section elementor-element elementor-element-36d4efe elementor-section-stretched elementor-section-boxed elementor-section-height-default elementor-section-height-default exad-glass-effect-no exad-sticky-section-no\" data-id=\"36d4efe\" data-element_type=\"section\" data-e-type=\"section\" data-settings=\"{&quot;stretch_section&quot;:&quot;section-stretched&quot;}\">\n\t\t\t\t\t\t<div class=\"elementor-container elementor-column-gap-default\">\n\t\t\t\t\t<div class=\"elementor-column elementor-col-100 elementor-top-column elementor-element elementor-element-47d3942 exad-glass-effect-no exad-sticky-section-no\" data-id=\"47d3942\" data-element_type=\"column\" data-e-type=\"column\">\n\t\t\t<div class=\"elementor-widget-wrap elementor-element-populated\">\n\t\t\t\t\t\t<div class=\"elementor-element elementor-element-0d15729 exad-sticky-section-no exad-glass-effect-no elementor-widget elementor-widget-shortcode\" data-id=\"0d15729\" data-element_type=\"widget\" data-e-type=\"widget\" data-widget_type=\"shortcode.default\">\n\t\t\t\t\t\t\t<div class=\"elementor-shortcode\">\t\t<div data-elementor-type=\"page\" data-elementor-id=\"25596\" class=\"elementor elementor-25596\" data-elementor-post-type=\"elementor_library\">\n\t\t\t\t\t\t<section class=\"elementor-section elementor-top-section elementor-element elementor-element-ad5a9d9 elementor-section-stretched elementor-section-boxed elementor-section-height-default elementor-section-height-default exad-glass-effect-no exad-sticky-section-no\" data-id=\"ad5a9d9\" data-element_type=\"section\" data-e-type=\"section\" data-settings=\"{&quot;stretch_section&quot;:&quot;section-stretched&quot;}\">\n\t\t\t\t\t\t<div class=\"elementor-container elementor-column-gap-default\">\n\t\t\t\t\t<div class=\"elementor-column elementor-col-100 elementor-top-column elementor-element elementor-element-8d85113 exad-glass-effect-no exad-sticky-section-no\" data-id=\"8d85113\" data-element_type=\"column\" data-e-type=\"column\">\n\t\t\t<div class=\"elementor-widget-wrap elementor-element-populated\">\n\t\t\t\t\t\t<div class=\"elementor-element elementor-element-2ce4812 exad-sticky-section-no exad-glass-effect-no elementor-widget elementor-widget-heading\" data-id=\"2ce4812\" data-element_type=\"widget\" data-e-type=\"widget\" data-widget_type=\"heading.default\">\n\t\t\t\t\t<h3 class=\"elementor-heading-title elementor-size-default\">Certificados de Qualidade:\n<\/h3>\t\t\t\t<\/div>\n\t\t\t\t<section class=\"elementor-section elementor-inner-section elementor-element elementor-element-c032c1a elementor-section-full_width elementor-section-height-default elementor-section-height-default exad-glass-effect-no exad-sticky-section-no\" data-id=\"c032c1a\" data-element_type=\"section\" data-e-type=\"section\">\n\t\t\t\t\t\t<div class=\"elementor-container elementor-column-gap-default\">\n\t\t\t\t\t<div class=\"elementor-column elementor-col-33 elementor-inner-column elementor-element elementor-element-7b4bf73 exad-glass-effect-no exad-sticky-section-no\" data-id=\"7b4bf73\" data-element_type=\"column\" data-e-type=\"column\">\n\t\t\t<div class=\"elementor-widget-wrap elementor-element-populated\">\n\t\t\t\t\t\t<div class=\"elementor-element elementor-element-f13ebe2 elementor-position-top exad-sticky-section-no exad-glass-effect-no elementor-widget elementor-widget-image-box\" data-id=\"f13ebe2\" data-element_type=\"widget\" data-e-type=\"widget\" data-widget_type=\"image-box.default\">\n\t\t\t\t\t<div class=\"elementor-image-box-wrapper\"><figure class=\"elementor-image-box-img\"><img loading=\"lazy\" decoding=\"async\" width=\"400\" height=\"391\" src=\"https:\/\/swiss-beauty-and-hair-academy.ch\/wp-content\/uploads\/2023\/04\/Swiss-Edu-nur-Logo-e1715383704723.png\" class=\"attachment-full size-full wp-image-34533\" alt=\"Graduation cap with colorful open book logo\" srcset=\"https:\/\/swiss-beauty-and-hair-academy.ch\/wp-content\/uploads\/2023\/04\/Swiss-Edu-nur-Logo-e1715383704723.png 400w, https:\/\/swiss-beauty-and-hair-academy.ch\/wp-content\/uploads\/2023\/04\/Swiss-Edu-nur-Logo-e1715383704723-300x293.png 300w\" sizes=\"(max-width: 400px) 100vw, 400px\" \/><\/figure><div class=\"elementor-image-box-content\"><p class=\"elementor-image-box-description\">10 anos de experi\u00eancia<\/p><\/div><\/div>\t\t\t\t<\/div>\n\t\t\t\t\t<\/div>\n\t\t<\/div>\n\t\t\t\t<div class=\"elementor-column elementor-col-33 elementor-inner-column elementor-element elementor-element-f8b54e4 exad-glass-effect-no exad-sticky-section-no\" data-id=\"f8b54e4\" data-element_type=\"column\" data-e-type=\"column\">\n\t\t\t<div class=\"elementor-widget-wrap elementor-element-populated\">\n\t\t\t\t\t\t<div class=\"elementor-element elementor-element-de7b9be bmg-img-cert elementor-position-top exad-sticky-section-no exad-glass-effect-no elementor-widget elementor-widget-image-box\" data-id=\"de7b9be\" data-element_type=\"widget\" data-e-type=\"widget\" data-widget_type=\"image-box.default\">\n\t\t\t\t\t<div class=\"elementor-image-box-wrapper\"><figure class=\"elementor-image-box-img\"><img loading=\"lazy\" decoding=\"async\" width=\"350\" height=\"350\" src=\"https:\/\/swiss-beauty-and-hair-academy.ch\/wp-content\/uploads\/2023\/03\/eduqua-3-1-1.png\" class=\"attachment-full size-full wp-image-23769\" alt=\"eduQua quality certificate logo for Swiss Beauty &amp; Hair Academy\" srcset=\"https:\/\/swiss-beauty-and-hair-academy.ch\/wp-content\/uploads\/2023\/03\/eduqua-3-1-1.png 350w, https:\/\/swiss-beauty-and-hair-academy.ch\/wp-content\/uploads\/2023\/03\/eduqua-3-1-1-300x300.png 300w, https:\/\/swiss-beauty-and-hair-academy.ch\/wp-content\/uploads\/2023\/03\/eduqua-3-1-1-100x100.png 100w, https:\/\/swiss-beauty-and-hair-academy.ch\/wp-content\/uploads\/2023\/03\/eduqua-3-1-1-150x150.png 150w\" sizes=\"(max-width: 350px) 100vw, 350px\" \/><\/figure><div class=\"elementor-image-box-content\"><p class=\"elementor-image-box-description\"><a style=\"color:#A0CE4E;text-decoration:none\" href=\"https:\/\/swiss-beauty-and-hair-academy.ch\/wp-content\/uploads\/2025\/03\/F316_Zertifikat_eduQua2021_Swiss-Education-company_multisite_DE_V1.pdf\" target=\"-blank\" rel=\"follow\"><strong>eduQua certificado <\/strong><\/a><\/br>\n<a style=\"color:#A0CE4E;text-decoration:none\" href=\"https:\/\/alice.ch\/de\/dienstleistungen\/eduqua\/\"><b>eduQua<\/b><\/a> \u00e9 um certificado de qualidade sui\u00e7o para entidades de forma\u00e7\u00e3o cont\u00ednua<\/p><\/div><\/div>\t\t\t\t<\/div>\n\t\t\t\t\t<\/div>\n\t\t<\/div>\n\t\t\t\t<div class=\"elementor-column elementor-col-33 elementor-inner-column elementor-element elementor-element-ddffb59 exad-glass-effect-no exad-sticky-section-no\" data-id=\"ddffb59\" data-element_type=\"column\" data-e-type=\"column\">\n\t\t\t<div class=\"elementor-widget-wrap elementor-element-populated\">\n\t\t\t\t\t\t<div class=\"elementor-element elementor-element-fe0d49f elementor-position-top exad-sticky-section-no exad-glass-effect-no elementor-widget elementor-widget-image-box\" data-id=\"fe0d49f\" data-element_type=\"widget\" data-e-type=\"widget\" data-widget_type=\"image-box.default\">\n\t\t\t\t\t<div class=\"elementor-image-box-wrapper\"><figure class=\"elementor-image-box-img\"><img loading=\"lazy\" decoding=\"async\" width=\"350\" height=\"350\" src=\"https:\/\/swiss-beauty-and-hair-academy.ch\/wp-content\/uploads\/2023\/03\/kundevers-3-1-1.png\" class=\"attachment-full size-full wp-image-23763\" alt=\"Kundenversprechen.ch quality and service seal for Swiss Beauty &amp; Hair Academy\" srcset=\"https:\/\/swiss-beauty-and-hair-academy.ch\/wp-content\/uploads\/2023\/03\/kundevers-3-1-1.png 350w, https:\/\/swiss-beauty-and-hair-academy.ch\/wp-content\/uploads\/2023\/03\/kundevers-3-1-1-300x300.png 300w, https:\/\/swiss-beauty-and-hair-academy.ch\/wp-content\/uploads\/2023\/03\/kundevers-3-1-1-100x100.png 100w, https:\/\/swiss-beauty-and-hair-academy.ch\/wp-content\/uploads\/2023\/03\/kundevers-3-1-1-150x150.png 150w\" sizes=\"(max-width: 350px) 100vw, 350px\" \/><\/figure><div class=\"elementor-image-box-content\"><p class=\"elementor-image-box-description\">Qualidade aprovada por <a href=\"https:\/\/www.kundenversprechen.ch\/\" style=\"color:#A0CE4E;text-decoration:none\"><b>Kundenversprechen.ch<\/b><\/a>\n\n<\/p><\/div><\/div>\t\t\t\t<\/div>\n\t\t\t\t\t<\/div>\n\t\t<\/div>\n\t\t\t\t\t<\/div>\n\t\t<\/section>\n\t\t\t\t\t<\/div>\n\t\t<\/div>\n\t\t\t\t\t<\/div>\n\t\t<\/section>\n\t\t\t\t<\/div>\n\t\t<\/div>\n\t\t\t\t\t\t<\/div>\n\t\t\t\t\t<\/div>\n\t\t<\/div>\n\t\t\t\t\t<\/div>\n\t\t<\/section>\n\t\t\t\t<section class=\"elementor-section elementor-top-section elementor-element elementor-element-ba0a76d elementor-section-stretched print-no elementor-section-boxed elementor-section-height-default elementor-section-height-default exad-glass-effect-no exad-sticky-section-no\" data-id=\"ba0a76d\" data-element_type=\"section\" data-e-type=\"section\" data-settings=\"{&quot;background_background&quot;:&quot;classic&quot;,&quot;stretch_section&quot;:&quot;section-stretched&quot;}\">\n\t\t\t\t\t\t<div class=\"elementor-container elementor-column-gap-default\">\n\t\t\t\t\t<div class=\"elementor-column elementor-col-100 elementor-top-column elementor-element elementor-element-86b63e5 exad-glass-effect-no exad-sticky-section-no elementor-invisible\" data-id=\"86b63e5\" data-element_type=\"column\" data-e-type=\"column\" data-settings=\"{&quot;animation&quot;:&quot;fadeIn&quot;,&quot;animation_delay&quot;:150}\">\n\t\t\t<div class=\"elementor-widget-wrap elementor-element-populated\">\n\t\t\t\t<div class=\"elementor-element elementor-element-6dda60c3 e-con-full e-flex e-con e-parent\" data-id=\"6dda60c3\" data-element_type=\"container\" data-e-type=\"container\" data-settings=\"{&quot;background_background&quot;:&quot;classic&quot;}\">\n\t\t<div class=\"elementor-element elementor-element-4b53be83 e-con-full e-flex e-con e-child\" data-id=\"4b53be83\" data-element_type=\"container\" data-e-type=\"container\" data-settings=\"{&quot;background_background&quot;:&quot;classic&quot;}\">\n\t\t\t\t<div class=\"elementor-element elementor-element-4e02e322 exad-sticky-section-no exad-glass-effect-no elementor-widget elementor-widget-heading\" data-id=\"4e02e322\" data-element_type=\"widget\" data-e-type=\"widget\" data-widget_type=\"heading.default\">\n\t\t\t\t\t<h3 class=\"elementor-heading-title elementor-size-medium\">Outros cursos<\/h3>\t\t\t\t<\/div>\n\t\t<div class=\"elementor-element elementor-element-4fc391a2 e-con-full e-flex e-con e-child\" data-id=\"4fc391a2\" data-element_type=\"container\" data-e-type=\"container\">\n\t\t<div data-wrapper-link=\"{&quot;url&quot;:&quot;https:\\\/\\\/swiss-beauty-and-hair-academy.ch\\\/pt\\\/escola-de-cabeleireiro\\\/formacao-de-cabeleireiro\\\/&quot;,&quot;is_external&quot;:&quot;&quot;,&quot;nofollow&quot;:&quot;&quot;,&quot;custom_attributes&quot;:&quot;&quot;}\" style=\"cursor: pointer\" class=\"elementor-element elementor-element-79962ec e-con-full e-flex e-con e-child\" data-id=\"79962ec\" data-element_type=\"container\" data-e-type=\"container\" data-settings=\"{&quot;background_background&quot;:&quot;classic&quot;}\">\n\t\t\t\t<div class=\"elementor-element elementor-element-e26588f exad-sticky-section-no exad-glass-effect-no elementor-widget elementor-widget-image\" data-id=\"e26588f\" data-element_type=\"widget\" data-e-type=\"widget\" data-widget_type=\"image.default\">\n\t\t\t\t\t\t\t\t\t\t\t\t\t\t\t<img loading=\"lazy\" decoding=\"async\" width=\"150\" height=\"150\" src=\"https:\/\/swiss-beauty-and-hair-academy.ch\/wp-content\/uploads\/2025\/08\/Coiffeurausbildung-im-Damen-und-Herrenfach-150x150.jpg\" class=\"attachment-thumbnail size-thumbnail wp-image-49458\" alt=\"Friseur Ausbildung In 6 Monaten\" srcset=\"https:\/\/swiss-beauty-and-hair-academy.ch\/wp-content\/uploads\/2025\/08\/Coiffeurausbildung-im-Damen-und-Herrenfach-150x150.jpg 150w, https:\/\/swiss-beauty-and-hair-academy.ch\/wp-content\/uploads\/2025\/08\/Coiffeurausbildung-im-Damen-und-Herrenfach-300x300.jpg 300w, https:\/\/swiss-beauty-and-hair-academy.ch\/wp-content\/uploads\/2025\/08\/Coiffeurausbildung-im-Damen-und-Herrenfach-100x100.jpg 100w\" sizes=\"(max-width: 150px) 100vw, 150px\" \/>\t\t\t\t\t\t\t\t\t\t\t\t\t\t\t<\/div>\n\t\t<div class=\"elementor-element elementor-element-503be253 e-con-full e-flex e-con e-child\" data-id=\"503be253\" data-element_type=\"container\" data-e-type=\"container\">\n\t\t\t\t<div class=\"elementor-element elementor-element-4f2c402e exad-sticky-section-no exad-glass-effect-no elementor-widget elementor-widget-heading\" data-id=\"4f2c402e\" data-element_type=\"widget\" data-e-type=\"widget\" data-widget_type=\"heading.default\">\n\t\t\t\t\t<h2 class=\"elementor-heading-title elementor-size-default\">Forma\u00e7\u00e3o de cabeleireiro<\/h2>\t\t\t\t<\/div>\n\t\t\t\t<div class=\"elementor-element elementor-element-2451b799 exad-sticky-section-no exad-glass-effect-no elementor-widget elementor-widget-text-editor\" data-id=\"2451b799\" data-element_type=\"widget\" data-e-type=\"widget\" data-widget_type=\"text-editor.default\">\n\t\t\t\t\t\t\t\t\t<p>Conven\u00e7a-se da qualidade dos nossos cursos. Aproveite o aconselhamento personalizado e a aula experimental sem compromisso para ter uma ideia melhor da nossa forma\u00e7\u00e3o em cabeleireiro.<\/p>\t\t\t\t\t\t\t\t<\/div>\n\t\t\t\t<\/div>\n\t\t\t\t<\/div>\n\t\t<div data-wrapper-link=\"{&quot;url&quot;:&quot;https:\\\/\\\/swiss-beauty-and-hair-academy.ch\\\/pt\\\/escola-de-cabeleireiro\\\/curso-de-barbeiro\\\/&quot;,&quot;is_external&quot;:&quot;&quot;,&quot;nofollow&quot;:&quot;&quot;,&quot;custom_attributes&quot;:&quot;&quot;}\" style=\"cursor: pointer\" class=\"elementor-element elementor-element-7cdf2ff6 e-con-full e-flex e-con e-child\" data-id=\"7cdf2ff6\" data-element_type=\"container\" data-e-type=\"container\" data-settings=\"{&quot;background_background&quot;:&quot;classic&quot;}\">\n\t\t\t\t<div class=\"elementor-element elementor-element-59a33cd8 exad-sticky-section-no exad-glass-effect-no elementor-widget elementor-widget-image\" data-id=\"59a33cd8\" data-element_type=\"widget\" data-e-type=\"widget\" data-widget_type=\"image.default\">\n\t\t\t\t\t\t\t\t\t\t\t\t\t\t\t<img alt=\"\" loading=\"lazy\" decoding=\"async\" width=\"150\" height=\"150\" src=\"https:\/\/swiss-beauty-and-hair-academy.ch\/wp-content\/uploads\/2025\/08\/formation-1-150x150.jpg\" class=\"attachment-thumbnail size-thumbnail wp-image-49446\" alt=\"\" srcset=\"https:\/\/swiss-beauty-and-hair-academy.ch\/wp-content\/uploads\/2025\/08\/formation-1-150x150.jpg 150w, https:\/\/swiss-beauty-and-hair-academy.ch\/wp-content\/uploads\/2025\/08\/formation-1-300x300.jpg 300w, https:\/\/swiss-beauty-and-hair-academy.ch\/wp-content\/uploads\/2025\/08\/formation-1-100x100.jpg 100w\" sizes=\"(max-width: 150px) 100vw, 150px\" \/>\t\t\t\t\t\t\t\t\t\t\t\t\t\t\t<\/div>\n\t\t<div class=\"elementor-element elementor-element-479dc00e e-con-full e-flex e-con e-child\" data-id=\"479dc00e\" data-element_type=\"container\" data-e-type=\"container\">\n\t\t\t\t<div class=\"elementor-element elementor-element-34ea5148 exad-sticky-section-no exad-glass-effect-no elementor-widget elementor-widget-heading\" data-id=\"34ea5148\" data-element_type=\"widget\" data-e-type=\"widget\" data-widget_type=\"heading.default\">\n\t\t\t\t\t<h2 class=\"elementor-heading-title elementor-size-default\">Curso de Barbeiro<\/h2>\t\t\t\t<\/div>\n\t\t\t\t<div class=\"elementor-element elementor-element-6fb3d85c exad-sticky-section-no exad-glass-effect-no elementor-widget elementor-widget-text-editor\" data-id=\"6fb3d85c\" data-element_type=\"widget\" data-e-type=\"widget\" data-widget_type=\"text-editor.default\">\n\t\t\t\t\t\t\t\t\t<p>A barbearia \u00e9 uma \u00e1rea que precisa de profissionais com personalidade e compet\u00eancias em determinadas t\u00e9cnicas pr\u00e1ticas, que ir\u00e1 aprender durante o curso de 6 meses.<\/p>\t\t\t\t\t\t\t\t<\/div>\n\t\t\t\t<\/div>\n\t\t\t\t<\/div>\n\t\t<div data-wrapper-link=\"{&quot;url&quot;:&quot;https:\\\/\\\/swiss-beauty-and-hair-academy.ch\\\/pt\\\/escola-de-cabeleireiro\\\/curso-de-revisao-de-cabeleireiros\\\/&quot;,&quot;is_external&quot;:&quot;&quot;,&quot;nofollow&quot;:&quot;&quot;,&quot;custom_attributes&quot;:&quot;&quot;}\" style=\"cursor: pointer\" class=\"elementor-element elementor-element-4d621977 e-con-full e-flex e-con e-child\" data-id=\"4d621977\" data-element_type=\"container\" data-e-type=\"container\" data-settings=\"{&quot;background_background&quot;:&quot;classic&quot;}\">\n\t\t\t\t<div class=\"elementor-element elementor-element-76c7329 exad-sticky-section-no exad-glass-effect-no elementor-widget elementor-widget-image\" data-id=\"76c7329\" data-element_type=\"widget\" data-e-type=\"widget\" data-widget_type=\"image.default\">\n\t\t\t\t\t\t\t\t\t\t\t\t\t\t\t<img alt=\"\" loading=\"lazy\" decoding=\"async\" width=\"150\" height=\"150\" src=\"https:\/\/swiss-beauty-and-hair-academy.ch\/wp-content\/uploads\/2025\/08\/Barbering-Training-150x150.jpg\" class=\"attachment-thumbnail size-thumbnail wp-image-49452\" alt=\"\" srcset=\"https:\/\/swiss-beauty-and-hair-academy.ch\/wp-content\/uploads\/2025\/08\/Barbering-Training-150x150.jpg 150w, https:\/\/swiss-beauty-and-hair-academy.ch\/wp-content\/uploads\/2025\/08\/Barbering-Training-300x300.jpg 300w, https:\/\/swiss-beauty-and-hair-academy.ch\/wp-content\/uploads\/2025\/08\/Barbering-Training-100x100.jpg 100w\" sizes=\"(max-width: 150px) 100vw, 150px\" \/>\t\t\t\t\t\t\t\t\t\t\t\t\t\t\t<\/div>\n\t\t<div class=\"elementor-element elementor-element-4e38f1bd e-con-full e-flex e-con e-child\" data-id=\"4e38f1bd\" data-element_type=\"container\" data-e-type=\"container\">\n\t\t\t\t<div class=\"elementor-element elementor-element-48042529 exad-sticky-section-no exad-glass-effect-no elementor-widget elementor-widget-heading\" data-id=\"48042529\" data-element_type=\"widget\" data-e-type=\"widget\" data-widget_type=\"heading.default\">\n\t\t\t\t\t<h2 class=\"elementor-heading-title elementor-size-default\">Curso De Reciclagem De Cabeleireiro<\/h2>\t\t\t\t<\/div>\n\t\t\t\t<div class=\"elementor-element elementor-element-217d7a9b exad-sticky-section-no exad-glass-effect-no elementor-widget elementor-widget-text-editor\" data-id=\"217d7a9b\" data-element_type=\"widget\" data-e-type=\"widget\" data-widget_type=\"text-editor.default\">\n\t\t\t\t\t\t\t\t\t<p>Conven\u00e7a-se da qualidade dos nossos cursos. Aproveite o aconselhamento personalizado e a aula experimental sem compromisso para ter uma ideia melhor do nosso curso de reciclagem para cabeleireiros.<\/p>\t\t\t\t\t\t\t\t<\/div>\n\t\t\t\t<\/div>\n\t\t\t\t<\/div>\n\t\t\t\t<\/div>\n\t\t\t\t<\/div>\n\t\t\t\t<\/div>\n\t\t\t\t\t<\/div>\n\t\t<\/div>\n\t\t\t\t\t<\/div>\n\t\t<\/section>\n\t\t\t\t<\/div>\n\t\t","protected":false},"excerpt":{"rendered":"<p>Escola De Cabeleireiro Contacte-Nos Inscreva-Se Escola de Cabeleireiro em Zurique &amp; Lausanne Escola Profissional de Cabeleireiro com cursos orientados na sua l\u00edngua materna A\u00a0Swiss Beauty &#038; Hair Academy\u00a0\u00e9 uma escola profissional de Beleza, localizada em Zurique e Lausanne, que oferece forma\u00e7\u00e3o na \u00e1rea de\u00a0Cabeleireiro\u00a0quer para\u00a0iniciantes, quer para\u00a0profissionais do sector\u00a0que pretendam fazer uma especializa\u00e7\u00e3o ou reciclagem [&hellip;]<\/p>\n","protected":false},"author":1,"featured_media":0,"parent":0,"menu_order":0,"comment_status":"closed","ping_status":"closed","template":"","meta":{"_seopress_robots_primary_cat":"","_seopress_titles_title":"Coiffeurschule Z\u00fcrich & Lausanne - Coiffeur Weiterbildung","_seopress_titles_desc":"Professionelle Coiffeurschule Z\u00fcrich & Lausanne: \u2705 Kurse mit intensiver Betreuung \u2705 Diverse Sprachen \u2705 Kostenloser Schnuppertag \u27a4 Jetzt informieren!","_seopress_robots_index":"","site-sidebar-layout":"no-sidebar","site-content-layout":"default","ast-site-content-layout":"full-width-container","site-content-style":"default","site-sidebar-style":"default","ast-global-header-display":"","ast-banner-title-visibility":"","ast-main-header-display":"","ast-hfb-above-header-display":"","ast-hfb-below-header-display":"","ast-hfb-mobile-header-display":"","site-post-title":"disabled","ast-breadcrumbs-content":"","ast-featured-img":"","footer-sml-layout":"","ast-disable-related-posts":"","theme-transparent-header-meta":"default","adv-header-id-meta":"","stick-header-meta":"","header-above-stick-meta":"","header-main-stick-meta":"","header-below-stick-meta":"","astra-migrate-meta-layouts":"set","ast-page-background-enabled":"default","ast-page-background-meta":{"desktop":{"background-color":"var(--ast-global-color-4)","background-image":"","background-repeat":"repeat","background-position":"center center","background-size":"auto","background-attachment":"scroll","background-type":"","background-media":"","overlay-type":"","overlay-color":"","overlay-opacity":"","overlay-gradient":""},"tablet":{"background-color":"","background-image":"","background-repeat":"repeat","background-position":"center center","background-size":"auto","background-attachment":"scroll","background-type":"","background-media":"","overlay-type":"","overlay-color":"","overlay-opacity":"","overlay-gradient":""},"mobile":{"background-color":"","background-image":"","background-repeat":"repeat","background-position":"center center","background-size":"auto","background-attachment":"scroll","background-type":"","background-media":"","overlay-type":"","overlay-color":"","overlay-opacity":"","overlay-gradient":""}},"ast-content-background-meta":{"desktop":{"background-color":"var(--ast-global-color-5)","background-image":"","background-repeat":"repeat","background-position":"center center","background-size":"auto","background-attachment":"scroll","background-type":"","background-media":"","overlay-type":"","overlay-color":"","overlay-opacity":"","overlay-gradient":""},"tablet":{"background-color":"var(--ast-global-color-5)","background-image":"","background-repeat":"repeat","background-position":"center center","background-size":"auto","background-attachment":"scroll","background-type":"","background-media":"","overlay-type":"","overlay-color":"","overlay-opacity":"","overlay-gradient":""},"mobile":{"background-color":"var(--ast-global-color-5)","background-image":"","background-repeat":"repeat","background-position":"center center","background-size":"auto","background-attachment":"scroll","background-type":"","background-media":"","overlay-type":"","overlay-color":"","overlay-opacity":"","overlay-gradient":""}},"_metasync_otto_title":"","_metasync_otto_description":"","_metasync_otto_keywords":"","_metasync_otto_og_title":"","_metasync_otto_og_description":"","_metasync_otto_twitter_title":"","_metasync_otto_twitter_description":"","rank_math_title":"Coiffeurschule Z\u00fcrich & Lausanne - Coiffeur Weiterbildung","rank_math_description":"Professionelle Coiffeurschule Z\u00fcrich & Lausanne: \u2705 Kurse mit intensiver Betreuung \u2705 Diverse Sprachen \u2705 Kostenloser Schnuppertag \u27a4 Jetzt informieren!","_yoast_wpseo_title":"Coiffeurschule Z\u00fcrich & Lausanne - Coiffeur Weiterbildung","_yoast_wpseo_metadesc":"Professionelle Coiffeurschule Z\u00fcrich & Lausanne: \u2705 Kurse mit intensiver Betreuung \u2705 Diverse Sprachen \u2705 Kostenloser Schnuppertag \u27a4 Jetzt informieren!","_aioseo_title":"","_aioseo_description":"","_metasync_seo_title":"","_metasync_seo_desc":"","_metasync_breadcrumb_title":"","_metasync_primary_category":0,"_metasync_primary_product_cat":0,"_metasync_otto_disabled":"","_metasync_hreflang":"","footnotes":""},"class_list":["post-1584","page","type-page","status-publish","hentry"],"_links":{"self":[{"href":"https:\/\/swiss-beauty-and-hair-academy.ch\/pt\/wp-json\/wp\/v2\/pages\/1584","targetHints":{"allow":["GET"]}}],"collection":[{"href":"https:\/\/swiss-beauty-and-hair-academy.ch\/pt\/wp-json\/wp\/v2\/pages"}],"about":[{"href":"https:\/\/swiss-beauty-and-hair-academy.ch\/pt\/wp-json\/wp\/v2\/types\/page"}],"author":[{"embeddable":true,"href":"https:\/\/swiss-beauty-and-hair-academy.ch\/pt\/wp-json\/wp\/v2\/users\/1"}],"replies":[{"embeddable":true,"href":"https:\/\/swiss-beauty-and-hair-academy.ch\/pt\/wp-json\/wp\/v2\/comments?post=1584"}],"version-history":[{"count":1,"href":"https:\/\/swiss-beauty-and-hair-academy.ch\/pt\/wp-json\/wp\/v2\/pages\/1584\/revisions"}],"predecessor-version":[{"id":59166,"href":"https:\/\/swiss-beauty-and-hair-academy.ch\/pt\/wp-json\/wp\/v2\/pages\/1584\/revisions\/59166"}],"wp:attachment":[{"href":"https:\/\/swiss-beauty-and-hair-academy.ch\/pt\/wp-json\/wp\/v2\/media?parent=1584"}],"curies":[{"name":"wp","href":"https:\/\/api.w.org\/{rel}","templated":true}]}}